{"id":6404,"date":"2023-06-21T07:52:57","date_gmt":"2023-06-21T07:52:57","guid":{"rendered":"https:\/\/patrickvacation.com\/?post_type=product&#038;p=6404"},"modified":"2025-02-18T17:42:16","modified_gmt":"2025-02-18T17:42:16","slug":"jet-ski-sabana-de-la-mar","status":"publish","type":"product","link":"https:\/\/patrickvacation.com\/en\/excursiones\/jet-ski-sabana-de-la-mar\/","title":{"rendered":"Jet Ski Sabana de la Mar"},"content":{"rendered":"<h2 id=\"headline-65-1988\" class=\"ct-headline\" style=\"margin: 0px;font-family: Quicksand;font-size: 35px\" data-mce-style=\"margin: 0px; font-family: Quicksand; font-size: 35px;\">Itinerario de la actividad de Jet Ski<\/h2>\n<div id=\"_rich_text-67-1988\" class=\"oxy-rich-text\">\n<ul>\n<li><span style=\"font-weight: bolder\" data-mce-style=\"font-weight: bolder;\">08:00<\/span>\u00a0\u2013 Inicio de la recogida desde los hoteles hacia Sabana de la Mar, donde comenzar\u00e1 nuestra aventura en\u00a0<em>Jet Ski<\/em>.<\/li>\n<li><span style=\"font-weight: bolder\" data-mce-style=\"font-weight: bolder;\">10:00<\/span>\u00a0\u2013 Llegados a Sabana de la Mar, nuestros\u00a0<span style=\"font-weight: bolder\" data-mce-style=\"font-weight: bolder;\">gu\u00edas profesionales<\/span>\u00a0ser\u00e1n los encargados de dar las instrucciones adecuadas para iniciar la actividad.<\/li>\n<li><span style=\"font-weight: bolder\" data-mce-style=\"font-weight: bolder;\">10:30<\/span>\u00a0\u2013 Inicio del tour, donde visitaremos los siguientes lugares:\n<ul>\n<li>Llegamos a nuestra primera parada que es cayo La Bocaina, donde podr\u00e1s disfrutar de un\u00a0<span style=\"font-weight: bolder\" data-mce-style=\"font-weight: bolder;\">paisaje de manglares<\/span>\u00a0realmente \u00fanico.<\/li>\n<li>A continuaci\u00f3n visitaremos cayo San Esteban, otro lugar impresionante.<\/li>\n<li>Llegada a la\u00a0<span style=\"font-weight: bolder\" data-mce-style=\"font-weight: bolder;\">piscina natural de Miches<\/span>, donde te bajar\u00e1s del\u00a0<em>Jet Ski<\/em>\u00a0para disfrutar de sus tranquilas aguas donde podr\u00e1s interactuar con las famosas estrellas de mar.<\/li>\n<li>Visita a la playa El Mo\u00f1o,\u00a0<span style=\"font-weight: bolder\" data-mce-style=\"font-weight: bolder;\">un paraje virgen<\/span>\u00a0que tendr\u00e1s solo para ti.<\/li>\n<li>Vuelta a Sabana de la Mar, desde d\u00f3nde te llevaremos de vuelta hacia tu hotel.<\/li>\n<\/ul>\n<\/li>\n<li><span style=\"font-weight: bolder\" data-mce-style=\"font-weight: bolder;\">12:30<\/span>\u00a0\u2013 Fin de la actividad.<\/li>\n<li><span style=\"font-weight: bolder\" data-mce-style=\"font-weight: bolder;\">14:30<\/span>\u00a0\u2013 Llegada al hotel.<\/li>\n<\/ul>\n<\/div>","protected":false},"excerpt":{"rendered":"<p>Forget about having to depend on other people to be able to navigate on the open sea.\u00a0<strong>You&#039;ll get behind the wheel<\/strong>\u00a0some of the\u00a0<strong><em>Jet Ski<\/em><\/strong>\u00a0fastest in the country, feeling the speed on the waves.In addition, you will visit places that only you can access it from the sea. The amazing keys\u00a0<strong>The Bocaina<\/strong>\u00a0and\u00a0<strong>San Esteban<\/strong>surrounded by mangrove forests that you can enjoy in exclusive.<\/p>\n<p><\/p>\n<p>La posibilidad de poder conducir\u00a0 una moto de agua no surge cada d\u00eda. Y qu\u00e9 mejor que hacerlo por primera vez en las aguas de la Rep\u00fablica Dominicana.<\/p>\n<p>Alejada de las grandes zonas tur\u00edsticas del pa\u00eds, la localidad de Sabana de la Mar es el lugar de salida hacia una de las costas m\u00e1s bonitas de la isla.<\/p>\n<p>Lo es por su\u00a0<strong>vegetaci\u00f3n de manglar<\/strong>, que crece sobre el mar de una de las maneras m\u00e1s curiosas que propone la naturaleza. Entre los manglares, encontramos\u00a0<strong>peque\u00f1as playas v\u00edrgenes<\/strong>\u00a0que muchas veces estar\u00e1n ah\u00ed exclusivamente para ti.<\/p>\n<p>Otro de los motivos para no perderte esta actividad es la posibilidad de\u00a0<strong>navegar con un\u00a0<\/strong><em><strong>Jet Ski<\/strong><\/em>. Si es la primera vez que lo haces, gracias a los\u00a0<strong>gu\u00edas profesionales<\/strong> podr\u00e1s conocer el funcionamiento de este m\u00e9todo de transporte muy r\u00e1pidamente. \u00a1Aprender a hacer algo desde cero es realmente fascinante!<\/p>","protected":false},"featured_media":6412,"template":"","meta":[],"product_brand":[],"product_cat":[178,181,182,179],"product_tag":[],"class_list":{"0":"post-6404","1":"product","2":"type-product","3":"status-publish","4":"has-post-thumbnail","6":"product_cat-aventura-safari","7":"product_cat-deportes-extremos","8":"product_cat-ecoaventura-senderismo","9":"product_cat-parques-experiencias","11":"first","12":"instock","13":"virtual","14":"sold-individually","15":"purchasable","16":"product-type-booking"},"yoast_head":"<!-- This site is optimized with the Yoast SEO plugin v24.7 - https:\/\/yoast.com\/wordpress\/plugins\/seo\/ -->\n<title>Jet Ski Sabana de la Mar - Patrick Vacation<\/title>\n<meta name=\"description\" content=\"Olv\u00eddate de tener que depender de otras personas para poder moverte por el mar abierto.\u00a0Te pondr\u00e1s al volante\u00a0de algunos de los\u00a0Jet Ski\u00a0m\u00e1s r\u00e1pidos del pa\u00eds, sintiendo la velocidad sobre las olas.\" \/>\n<meta name=\"robots\" content=\"index, follow, max-snippet:-1, max-image-preview:large, max-video-preview:-1\" \/>\n<link rel=\"canonical\" href=\"https:\/\/patrickvacation.com\/en\/excursiones\/jet-ski-sabana-de-la-mar\/\" \/>\n<meta property=\"og:locale\" content=\"en_US\" \/>\n<meta property=\"og:type\" content=\"article\" \/>\n<meta property=\"og:title\" content=\"Jet Ski Sabana de la Mar - Patrick Vacation\" \/>\n<meta property=\"og:description\" content=\"Olv\u00eddate de tener que depender de otras personas para poder moverte por el mar abierto.\u00a0Te pondr\u00e1s al volante\u00a0de algunos de los\u00a0Jet Ski\u00a0m\u00e1s r\u00e1pidos del pa\u00eds, sintiendo la velocidad sobre las olas.\" \/>\n<meta property=\"og:url\" content=\"https:\/\/patrickvacation.com\/en\/excursiones\/jet-ski-sabana-de-la-mar\/\" \/>\n<meta property=\"og:site_name\" content=\"Patrick Vacation\" \/>\n<meta property=\"article:publisher\" content=\"https:\/\/www.facebook.com\/alcequiez.tours.travel\" \/>\n<meta property=\"article:modified_time\" content=\"2025-02-18T17:42:16+00:00\" \/>\n<meta property=\"og:image\" content=\"https:\/\/patrickvacation.com\/wp-content\/uploads\/2023\/06\/b2b5e8_c91e79e3ad714be98f6d305bf727c736mv2-1.webp\" \/>\n\t<meta property=\"og:image:width\" content=\"560\" \/>\n\t<meta property=\"og:image:height\" content=\"400\" \/>\n\t<meta property=\"og:image:type\" content=\"image\/webp\" \/>\n<meta name=\"twitter:card\" content=\"summary_large_image\" \/>\n<meta name=\"twitter:label1\" content=\"Est. reading time\" \/>\n\t<meta name=\"twitter:data1\" content=\"1 minute\" \/>\n<script type=\"application\/ld+json\" class=\"yoast-schema-graph\">{\"@context\":\"https:\/\/schema.org\",\"@graph\":[{\"@type\":\"WebPage\",\"@id\":\"https:\/\/patrickvacation.com\/excursiones\/jet-ski-sabana-de-la-mar\/\",\"url\":\"https:\/\/patrickvacation.com\/excursiones\/jet-ski-sabana-de-la-mar\/\",\"name\":\"Jet Ski Sabana de la Mar - Patrick Vacation\",\"isPartOf\":{\"@id\":\"https:\/\/patrickvacation.com\/#website\"},\"primaryImageOfPage\":{\"@id\":\"https:\/\/patrickvacation.com\/excursiones\/jet-ski-sabana-de-la-mar\/#primaryimage\"},\"image\":{\"@id\":\"https:\/\/patrickvacation.com\/excursiones\/jet-ski-sabana-de-la-mar\/#primaryimage\"},\"thumbnailUrl\":\"https:\/\/patrickvacation.com\/wp-content\/uploads\/2023\/06\/b2b5e8_c91e79e3ad714be98f6d305bf727c736mv2-1.webp\",\"datePublished\":\"2023-06-21T07:52:57+00:00\",\"dateModified\":\"2025-02-18T17:42:16+00:00\",\"description\":\"Olv\u00eddate de tener que depender de otras personas para poder moverte por el mar abierto.\u00a0Te pondr\u00e1s al volante\u00a0de algunos de los\u00a0Jet Ski\u00a0m\u00e1s r\u00e1pidos del pa\u00eds, sintiendo la velocidad sobre las olas.\",\"breadcrumb\":{\"@id\":\"https:\/\/patrickvacation.com\/excursiones\/jet-ski-sabana-de-la-mar\/#breadcrumb\"},\"inLanguage\":\"en-US\",\"potentialAction\":[{\"@type\":\"ReadAction\",\"target\":[\"https:\/\/patrickvacation.com\/excursiones\/jet-ski-sabana-de-la-mar\/\"]}]},{\"@type\":\"ImageObject\",\"inLanguage\":\"en-US\",\"@id\":\"https:\/\/patrickvacation.com\/excursiones\/jet-ski-sabana-de-la-mar\/#primaryimage\",\"url\":\"https:\/\/patrickvacation.com\/wp-content\/uploads\/2023\/06\/b2b5e8_c91e79e3ad714be98f6d305bf727c736mv2-1.webp\",\"contentUrl\":\"https:\/\/patrickvacation.com\/wp-content\/uploads\/2023\/06\/b2b5e8_c91e79e3ad714be98f6d305bf727c736mv2-1.webp\",\"width\":560,\"height\":400},{\"@type\":\"BreadcrumbList\",\"@id\":\"https:\/\/patrickvacation.com\/excursiones\/jet-ski-sabana-de-la-mar\/#breadcrumb\",\"itemListElement\":[{\"@type\":\"ListItem\",\"position\":1,\"name\":\"Portada\",\"item\":\"https:\/\/patrickvacation.com\/\"},{\"@type\":\"ListItem\",\"position\":2,\"name\":\"Excursiones y Reservas\",\"item\":\"https:\/\/patrickvacation.com\/excursiones\/\"},{\"@type\":\"ListItem\",\"position\":3,\"name\":\"Jet Ski Sabana de la Mar\"}]},{\"@type\":\"WebSite\",\"@id\":\"https:\/\/patrickvacation.com\/#website\",\"url\":\"https:\/\/patrickvacation.com\/\",\"name\":\"Patrick Vacation\",\"description\":\"\",\"publisher\":{\"@id\":\"https:\/\/patrickvacation.com\/#organization\"},\"potentialAction\":[{\"@type\":\"SearchAction\",\"target\":{\"@type\":\"EntryPoint\",\"urlTemplate\":\"https:\/\/patrickvacation.com\/?s={search_term_string}\"},\"query-input\":{\"@type\":\"PropertyValueSpecification\",\"valueRequired\":true,\"valueName\":\"search_term_string\"}}],\"inLanguage\":\"en-US\"},{\"@type\":\"Organization\",\"@id\":\"https:\/\/patrickvacation.com\/#organization\",\"name\":\"Alcequiez Tours and Travel\",\"url\":\"https:\/\/patrickvacation.com\/\",\"logo\":{\"@type\":\"ImageObject\",\"inLanguage\":\"en-US\",\"@id\":\"https:\/\/patrickvacation.com\/#\/schema\/logo\/image\/\",\"url\":\"https:\/\/patrickvacation.com\/wp-content\/uploads\/2023\/03\/Logo-Alcequiez.png\",\"contentUrl\":\"https:\/\/patrickvacation.com\/wp-content\/uploads\/2023\/03\/Logo-Alcequiez.png\",\"width\":1080,\"height\":560,\"caption\":\"Alcequiez Tours and Travel\"},\"image\":{\"@id\":\"https:\/\/patrickvacation.com\/#\/schema\/logo\/image\/\"},\"sameAs\":[\"https:\/\/www.facebook.com\/alcequiez.tours.travel\",\"https:\/\/www.instagram.com\/alcequieztour\/\"]}]}<\/script>\n<!-- \/ Yoast SEO plugin. -->","yoast_head_json":{"title":"Jet Ski Sabana de la Mar - Patrick Vacation","description":"Olv\u00eddate de tener que depender de otras personas para poder moverte por el mar abierto.\u00a0Te pondr\u00e1s al volante\u00a0de algunos de los\u00a0Jet Ski\u00a0m\u00e1s r\u00e1pidos del pa\u00eds, sintiendo la velocidad sobre las olas.","robots":{"index":"index","follow":"follow","max-snippet":"max-snippet:-1","max-image-preview":"max-image-preview:large","max-video-preview":"max-video-preview:-1"},"canonical":"https:\/\/patrickvacation.com\/en\/excursiones\/jet-ski-sabana-de-la-mar\/","og_locale":"en_US","og_type":"article","og_title":"Jet Ski Sabana de la Mar - Patrick Vacation","og_description":"Olv\u00eddate de tener que depender de otras personas para poder moverte por el mar abierto.\u00a0Te pondr\u00e1s al volante\u00a0de algunos de los\u00a0Jet Ski\u00a0m\u00e1s r\u00e1pidos del pa\u00eds, sintiendo la velocidad sobre las olas.","og_url":"https:\/\/patrickvacation.com\/en\/excursiones\/jet-ski-sabana-de-la-mar\/","og_site_name":"Patrick Vacation","article_publisher":"https:\/\/www.facebook.com\/alcequiez.tours.travel","article_modified_time":"2025-02-18T17:42:16+00:00","og_image":[{"width":560,"height":400,"url":"https:\/\/patrickvacation.com\/wp-content\/uploads\/2023\/06\/b2b5e8_c91e79e3ad714be98f6d305bf727c736mv2-1.webp","type":"image\/webp"}],"twitter_card":"summary_large_image","twitter_misc":{"Est. reading time":"1 minute"},"schema":{"@context":"https:\/\/schema.org","@graph":[{"@type":"WebPage","@id":"https:\/\/patrickvacation.com\/excursiones\/jet-ski-sabana-de-la-mar\/","url":"https:\/\/patrickvacation.com\/excursiones\/jet-ski-sabana-de-la-mar\/","name":"Jet Ski Sabana de la Mar - Patrick Vacation","isPartOf":{"@id":"https:\/\/patrickvacation.com\/#website"},"primaryImageOfPage":{"@id":"https:\/\/patrickvacation.com\/excursiones\/jet-ski-sabana-de-la-mar\/#primaryimage"},"image":{"@id":"https:\/\/patrickvacation.com\/excursiones\/jet-ski-sabana-de-la-mar\/#primaryimage"},"thumbnailUrl":"https:\/\/patrickvacation.com\/wp-content\/uploads\/2023\/06\/b2b5e8_c91e79e3ad714be98f6d305bf727c736mv2-1.webp","datePublished":"2023-06-21T07:52:57+00:00","dateModified":"2025-02-18T17:42:16+00:00","description":"Olv\u00eddate de tener que depender de otras personas para poder moverte por el mar abierto.\u00a0Te pondr\u00e1s al volante\u00a0de algunos de los\u00a0Jet Ski\u00a0m\u00e1s r\u00e1pidos del pa\u00eds, sintiendo la velocidad sobre las olas.","breadcrumb":{"@id":"https:\/\/patrickvacation.com\/excursiones\/jet-ski-sabana-de-la-mar\/#breadcrumb"},"inLanguage":"en-US","potentialAction":[{"@type":"ReadAction","target":["https:\/\/patrickvacation.com\/excursiones\/jet-ski-sabana-de-la-mar\/"]}]},{"@type":"ImageObject","inLanguage":"en-US","@id":"https:\/\/patrickvacation.com\/excursiones\/jet-ski-sabana-de-la-mar\/#primaryimage","url":"https:\/\/patrickvacation.com\/wp-content\/uploads\/2023\/06\/b2b5e8_c91e79e3ad714be98f6d305bf727c736mv2-1.webp","contentUrl":"https:\/\/patrickvacation.com\/wp-content\/uploads\/2023\/06\/b2b5e8_c91e79e3ad714be98f6d305bf727c736mv2-1.webp","width":560,"height":400},{"@type":"BreadcrumbList","@id":"https:\/\/patrickvacation.com\/excursiones\/jet-ski-sabana-de-la-mar\/#breadcrumb","itemListElement":[{"@type":"ListItem","position":1,"name":"Portada","item":"https:\/\/patrickvacation.com\/"},{"@type":"ListItem","position":2,"name":"Excursiones y Reservas","item":"https:\/\/patrickvacation.com\/excursiones\/"},{"@type":"ListItem","position":3,"name":"Jet Ski Sabana de la Mar"}]},{"@type":"WebSite","@id":"https:\/\/patrickvacation.com\/#website","url":"https:\/\/patrickvacation.com\/","name":"Patrick Vacation","description":"","publisher":{"@id":"https:\/\/patrickvacation.com\/#organization"},"potentialAction":[{"@type":"SearchAction","target":{"@type":"EntryPoint","urlTemplate":"https:\/\/patrickvacation.com\/?s={search_term_string}"},"query-input":{"@type":"PropertyValueSpecification","valueRequired":true,"valueName":"search_term_string"}}],"inLanguage":"en-US"},{"@type":"Organization","@id":"https:\/\/patrickvacation.com\/#organization","name":"Alcequiez Tours and Travel","url":"https:\/\/patrickvacation.com\/","logo":{"@type":"ImageObject","inLanguage":"en-US","@id":"https:\/\/patrickvacation.com\/#\/schema\/logo\/image\/","url":"https:\/\/patrickvacation.com\/wp-content\/uploads\/2023\/03\/Logo-Alcequiez.png","contentUrl":"https:\/\/patrickvacation.com\/wp-content\/uploads\/2023\/03\/Logo-Alcequiez.png","width":1080,"height":560,"caption":"Alcequiez Tours and Travel"},"image":{"@id":"https:\/\/patrickvacation.com\/#\/schema\/logo\/image\/"},"sameAs":["https:\/\/www.facebook.com\/alcequiez.tours.travel","https:\/\/www.instagram.com\/alcequieztour\/"]}]}},"_links":{"self":[{"href":"https:\/\/patrickvacation.com\/en\/wp-json\/wp\/v2\/product\/6404","targetHints":{"allow":["GET"]}}],"collection":[{"href":"https:\/\/patrickvacation.com\/en\/wp-json\/wp\/v2\/product"}],"about":[{"href":"https:\/\/patrickvacation.com\/en\/wp-json\/wp\/v2\/types\/product"}],"version-history":[{"count":0,"href":"https:\/\/patrickvacation.com\/en\/wp-json\/wp\/v2\/product\/6404\/revisions"}],"wp:featuredmedia":[{"embeddable":true,"href":"https:\/\/patrickvacation.com\/en\/wp-json\/wp\/v2\/media\/6412"}],"wp:attachment":[{"href":"https:\/\/patrickvacation.com\/en\/wp-json\/wp\/v2\/media?parent=6404"}],"wp:term":[{"taxonomy":"product_brand","embeddable":true,"href":"https:\/\/patrickvacation.com\/en\/wp-json\/wp\/v2\/product_brand?post=6404"},{"taxonomy":"product_cat","embeddable":true,"href":"https:\/\/patrickvacation.com\/en\/wp-json\/wp\/v2\/product_cat?post=6404"},{"taxonomy":"product_tag","embeddable":true,"href":"https:\/\/patrickvacation.com\/en\/wp-json\/wp\/v2\/product_tag?post=6404"}],"curies":[{"name":"wp","href":"https:\/\/api.w.org\/{rel}","templated":true}]}}