{"id":6314,"date":"2023-06-01T21:41:17","date_gmt":"2023-06-01T21:41:17","guid":{"rendered":"https:\/\/patrickvacation.com\/?post_type=product&#038;p=6314"},"modified":"2025-02-18T17:08:32","modified_gmt":"2025-02-18T17:08:32","slug":"samana-tour","status":"publish","type":"product","link":"https:\/\/patrickvacation.com\/fr\/excursiones\/samana-tour\/","title":{"rendered":"Samana Tour"},"content":{"rendered":"<h2 id=\"headline-53-211\" class=\"ct-headline\" style=\"margin: 0px;font-family: Quicksand;font-size: 35px\" data-mce-style=\"margin: 0px; font-family: Quicksand; font-size: 35px;\">Itinerario de la actividad<\/h2>\n<div id=\"_rich_text-153-211\" class=\"oxy-rich-text\">\n<p style=\"margin-block-start: 0px\" data-mce-style=\"margin-block-start: 0px;\">Esta excursi\u00f3n es una de las m\u00e1s demandadas desde Punta Cana, as\u00ed que vamos a ver cual es la hoja de ruta que tenemos marcada.<\/p>\n<p><span style=\"font-weight: bolder\" data-mce-style=\"font-weight: bolder;\">06:50 a.m<\/span>\u00a0\u2013 Recogida en su hotel hasta el\u00a0<span style=\"font-weight: bolder\" data-mce-style=\"font-weight: bolder;\">punto de encuentro<\/span>. Recuerda que la hora de salida siempre puede variar dependiendo del hotel en el que est\u00e9s alojado.<\/p>\n<p><span style=\"font-weight: bolder\" data-mce-style=\"font-weight: bolder;\">07:50<\/span>\u00a0<span style=\"font-weight: bolder\" data-mce-style=\"font-weight: bolder;\">a.m\u00a0<\/span>\u2013 Salida desde el punto de encuentro en\u00a0<span style=\"font-weight: bolder\" data-mce-style=\"font-weight: bolder;\">autob\u00fas<\/span>. Ponte c\u00f3modo ya que el viaje se demora m\u00e1s de 1 hora.<\/p>\n<p><span style=\"font-weight: bolder\" data-mce-style=\"font-weight: bolder;\">09:50<\/span>\u00a0<span style=\"font-weight: bolder\" data-mce-style=\"font-weight: bolder;\">a.m\u00a0<\/span>\u2013 Tras tomar un peque\u00f1o desayuno,\u00a0<span style=\"font-weight: bolder\" data-mce-style=\"font-weight: bolder;\">embarcamos desde el puerto de la Ca\u00f1ita<\/span>\u00a0(Saban\u00e1 de la Mar) en catamar\u00e1n rumbo a Bah\u00eda de la Saman\u00e1. Este trayecto dura un poco m\u00e1s de 30 minutos.<\/p>\n<p><span style=\"font-weight: bolder\" data-mce-style=\"font-weight: bolder;\">10:30<\/span>\u00a0<span style=\"font-weight: bolder\" data-mce-style=\"font-weight: bolder;\">a.m\u00a0<\/span>\u2013 Llegada al puerto de la ciudad de Saman\u00e1, donde nos montaremos en nuestro\u00a0<span style=\"font-weight: bolder\" data-mce-style=\"font-weight: bolder;\">cami\u00f3n safari<\/span>\u00a0para disfrutar de todos los\u00a0<em>secretos<\/em>\u00a0de esta provincia. Nos dirigiremos hacia la monta\u00f1a donde realizaremos una parada en la\u00a0<span style=\"font-weight: bolder\" data-mce-style=\"font-weight: bolder;\">casa t\u00edpica dominicana<\/span>. Aqu\u00ed podremos ver c\u00f3mo se\u00a0<span style=\"font-weight: bolder\" data-mce-style=\"font-weight: bolder;\">elaboran productos<\/span>\u00a0como el caf\u00e9, cacao, chocolate, mama juana y el tabaco.<\/p>\n<p><span style=\"font-weight: bolder\" data-mce-style=\"font-weight: bolder;\">Continuamos nuestra ruta subiendo por la monta\u00f1a para llegar\u00a0<\/span>\u00a0a \u00ab<span style=\"font-weight: bolder\" data-mce-style=\"font-weight: bolder;\"><em>El Rancho<\/em><\/span>\u00bb donde nos montamos a caballo para atravesar el bosque en direcci\u00f3n\u00a0<span style=\"font-weight: bolder\" data-mce-style=\"font-weight: bolder;\">Cascada el Lim\u00f3n.\u00a0<\/span>Aqu\u00ed, disfrutaremos de un espectacular paraje y podremos ba\u00f1arnos en sus aguas.<\/p>\n<p>A continuaci\u00f3n, nos montamos en nuestro caballo para poner rumbo a \u00abEl Rancho\u00bb. Desde aqu\u00ed nos dirigiremos en nuestro cami\u00f3n safari al restaurante para<span style=\"font-weight: bolder\" data-mce-style=\"font-weight: bolder;\">\u00a0almorzar un buffet t\u00edpico dominicano<\/span>.<\/p>\n<p>Una vez que hemos almorzado embarcamos en nuestro catamar\u00e1n que nos llevar\u00e1 a disfrutar de un paisaje espectacular. Llegaremos a\u00a0<span style=\"font-weight: bolder\" data-mce-style=\"font-weight: bolder;\">Isla Bacard\u00ed o Cayo Levantado,\u00a0<\/span>un lugar que te dejar\u00e1 sin palabras. Aqu\u00ed estaremos durante m\u00e1s de una hora para que podamos contemplar la belleza de este lugar.<\/p>\n<p><span style=\"font-weight: bolder\" data-mce-style=\"font-weight: bolder;\">5:00 p.m \u2013 Fin de la excursi\u00f3n.\u00a0<\/span>Realizaremos la vuelta a tu hotel o resort en nuestro transporte.<\/p>\n<p style=\"margin-block-end: 0px\" data-mce-style=\"margin-block-end: 0px;\"><em>* Los horarios indicados anteriormente son aproximados.<\/p>\n<p><\/em><\/p>\n<section id=\"section-60-132\" class=\"ct-section nitro-offscreen\">\n<div class=\"ct-section-inner-wrap\" style=\"margin-left: auto;margin-right: auto;height: 291.562px;min-height: inherit;max-width: 1120px;padding: 0px 20px 10px;flex-direction: column;align-items: flex-start\">\n<h2 id=\"headline-61-132\" class=\"ct-headline\" style=\"margin: 0px;font-family: Quicksand;font-size: 35px\">\u00bfQue incluye la reserva?<br \/><\/h2>\n<div id=\"_rich_text-62-132\" class=\"oxy-rich-text\" style=\"margin-top: 20px;margin-bottom: 20px;width: 1080px\">\n<ul>\n<li>Uso de\u00a0<span style=\"font-weight: bolder\">equipo<\/span>\u00a0de pesca.<\/li>\n<li>Ayuda y consejos por parte de nuestro gu\u00eda para indicarnos las\u00a0<span style=\"font-weight: bolder\">mejores \u00e1reas de captura de peces<\/span>.<\/li>\n<li>Veh\u00edculo con aire acondicionado.<\/li>\n<li><span style=\"font-weight: bolder\">Bebidas<\/span>\u00a0alcoh\u00f3licas.<\/li>\n<li>Refresco o gaseosa.<\/li>\n<li>Agua embotellada.<\/li>\n<\/ul>\n<\/div>\n<\/div>\n<\/section>\n<section id=\"section-69-132\" class=\"ct-section nitro-offscreen\">\n<div class=\"ct-section-inner-wrap\" style=\"margin-left: auto;margin-right: auto;height: 258.375px;min-height: inherit;max-width: 1120px;padding: 23px 20px 5px;flex-direction: column;align-items: flex-start\">\n<h2 id=\"headline-70-132\" class=\"ct-headline\" style=\"margin: 0px;font-family: Quicksand;font-size: 35px\">\u00bfQu\u00e9 es recomendable llevar a esta actividad?<br \/><\/h2>\n<div id=\"_rich_text-71-132\" class=\"oxy-rich-text\" style=\"margin-top: 20px;margin-bottom: 20px;width: 1080px\">\n<ul>\n<li><span style=\"font-weight: bolder\">Traje de ba\u00f1o<\/span>\u00a0u otra ropa de playa.<\/li>\n<li><span style=\"font-weight: bolder\">Toalla<\/span>.<\/li>\n<li><span style=\"font-weight: bolder\">Protector solar\u00a0<\/span>para proteger nuestra piel.<\/li>\n<li><span style=\"font-weight: bolder\">Gafas de sol\u00a0<\/span>para que nuestros ojos no sufran con los rayos solares.<\/li>\n<\/ul>\n<\/div>\n<\/div>\n<\/section>\n<\/div>","protected":false},"excerpt":{"rendered":"<p>Votre voyage \u00e0 Punta Cana devrait toujours inclure une visite de l&#039;incroyable ville de\u00a0<strong>Santa Barbara de Samana<\/strong>. La ville de Samana est situ\u00e9 au nord de la R\u00e9publique Dominicaine, dans la baie de Samana, et se distingue par la\u00a0<strong>l&#039;eau bleu turquoise et cristal<\/strong>\u00a0ses plages \u00e0 c\u00f4t\u00e9 des palmiers et de la jungle, qui presque envahir la plage de la rive, d&#039;\u00eatre l&#039;endroit parfait pour une journ\u00e9e d&#039;aventure.<\/p>\n<p><\/p>","protected":false},"featured_media":6315,"template":"","meta":[],"product_brand":[],"product_cat":[178,180,182,185,186,179],"product_tag":[],"class_list":{"0":"post-6314","1":"product","2":"type-product","3":"status-publish","4":"has-post-thumbnail","6":"product_cat-aventura-safari","7":"product_cat-citytours-toursareos","8":"product_cat-ecoaventura-senderismo","9":"product_cat-gastronomica","10":"product_cat-historica-y-cultural","11":"product_cat-parques-experiencias","13":"first","14":"instock","15":"virtual","16":"sold-individually","17":"purchasable","18":"product-type-booking"},"yoast_head":"<!-- This site is optimized with the Yoast SEO plugin v24.7 - https:\/\/yoast.com\/wordpress\/plugins\/seo\/ -->\n<title>Saman\u00e1 Tour - Patrick Vacation<\/title>\n<meta name=\"description\" content=\"Saman\u00e1 destaca por el agua azul turquesa y cristalina de sus playas junto a palmeras y selva, que casi invaden la playa hasta la orilla, siendo el lugar perfecto para una jornada de aventura.\" \/>\n<meta name=\"robots\" content=\"index, follow, max-snippet:-1, max-image-preview:large, max-video-preview:-1\" \/>\n<link rel=\"canonical\" href=\"https:\/\/patrickvacation.com\/fr\/excursiones\/samana-tour\/\" \/>\n<meta property=\"og:locale\" content=\"fr_FR\" \/>\n<meta property=\"og:type\" content=\"article\" \/>\n<meta property=\"og:title\" content=\"Saman\u00e1 Tour - Patrick Vacation\" \/>\n<meta property=\"og:description\" content=\"Saman\u00e1 destaca por el agua azul turquesa y cristalina de sus playas junto a palmeras y selva, que casi invaden la playa hasta la orilla, siendo el lugar perfecto para una jornada de aventura.\" \/>\n<meta property=\"og:url\" content=\"https:\/\/patrickvacation.com\/fr\/excursiones\/samana-tour\/\" \/>\n<meta property=\"og:site_name\" content=\"Patrick Vacation\" \/>\n<meta property=\"article:publisher\" content=\"https:\/\/www.facebook.com\/alcequiez.tours.travel\" \/>\n<meta property=\"article:modified_time\" content=\"2025-02-18T17:08:32+00:00\" \/>\n<meta property=\"og:image\" content=\"https:\/\/patrickvacation.com\/wp-content\/uploads\/2023\/06\/247182_10150262067721259_6021334_n.webp\" \/>\n\t<meta property=\"og:image:width\" content=\"720\" \/>\n\t<meta property=\"og:image:height\" content=\"540\" \/>\n\t<meta property=\"og:image:type\" content=\"image\/webp\" \/>\n<meta name=\"twitter:card\" content=\"summary_large_image\" \/>\n<meta name=\"twitter:label1\" content=\"Dur\u00e9e de lecture estim\u00e9e\" \/>\n\t<meta name=\"twitter:data1\" content=\"1 minute\" \/>\n<script type=\"application\/ld+json\" class=\"yoast-schema-graph\">{\"@context\":\"https:\/\/schema.org\",\"@graph\":[{\"@type\":\"WebPage\",\"@id\":\"https:\/\/patrickvacation.com\/excursiones\/samana-tour\/\",\"url\":\"https:\/\/patrickvacation.com\/excursiones\/samana-tour\/\",\"name\":\"Saman\u00e1 Tour - Patrick Vacation\",\"isPartOf\":{\"@id\":\"https:\/\/patrickvacation.com\/#website\"},\"primaryImageOfPage\":{\"@id\":\"https:\/\/patrickvacation.com\/excursiones\/samana-tour\/#primaryimage\"},\"image\":{\"@id\":\"https:\/\/patrickvacation.com\/excursiones\/samana-tour\/#primaryimage\"},\"thumbnailUrl\":\"https:\/\/patrickvacation.com\/wp-content\/uploads\/2023\/06\/247182_10150262067721259_6021334_n.webp\",\"datePublished\":\"2023-06-01T21:41:17+00:00\",\"dateModified\":\"2025-02-18T17:08:32+00:00\",\"description\":\"Saman\u00e1 destaca por el agua azul turquesa y cristalina de sus playas junto a palmeras y selva, que casi invaden la playa hasta la orilla, siendo el lugar perfecto para una jornada de aventura.\",\"breadcrumb\":{\"@id\":\"https:\/\/patrickvacation.com\/excursiones\/samana-tour\/#breadcrumb\"},\"inLanguage\":\"fr-FR\",\"potentialAction\":[{\"@type\":\"ReadAction\",\"target\":[\"https:\/\/patrickvacation.com\/excursiones\/samana-tour\/\"]}]},{\"@type\":\"ImageObject\",\"inLanguage\":\"fr-FR\",\"@id\":\"https:\/\/patrickvacation.com\/excursiones\/samana-tour\/#primaryimage\",\"url\":\"https:\/\/patrickvacation.com\/wp-content\/uploads\/2023\/06\/247182_10150262067721259_6021334_n.webp\",\"contentUrl\":\"https:\/\/patrickvacation.com\/wp-content\/uploads\/2023\/06\/247182_10150262067721259_6021334_n.webp\",\"width\":720,\"height\":540},{\"@type\":\"BreadcrumbList\",\"@id\":\"https:\/\/patrickvacation.com\/excursiones\/samana-tour\/#breadcrumb\",\"itemListElement\":[{\"@type\":\"ListItem\",\"position\":1,\"name\":\"Portada\",\"item\":\"https:\/\/patrickvacation.com\/\"},{\"@type\":\"ListItem\",\"position\":2,\"name\":\"Excursiones y Reservas\",\"item\":\"https:\/\/patrickvacation.com\/excursiones\/\"},{\"@type\":\"ListItem\",\"position\":3,\"name\":\"Saman\u00e1 Tour\"}]},{\"@type\":\"WebSite\",\"@id\":\"https:\/\/patrickvacation.com\/#website\",\"url\":\"https:\/\/patrickvacation.com\/\",\"name\":\"Patrick Vacation\",\"description\":\"\",\"publisher\":{\"@id\":\"https:\/\/patrickvacation.com\/#organization\"},\"potentialAction\":[{\"@type\":\"SearchAction\",\"target\":{\"@type\":\"EntryPoint\",\"urlTemplate\":\"https:\/\/patrickvacation.com\/?s={search_term_string}\"},\"query-input\":{\"@type\":\"PropertyValueSpecification\",\"valueRequired\":true,\"valueName\":\"search_term_string\"}}],\"inLanguage\":\"fr-FR\"},{\"@type\":\"Organization\",\"@id\":\"https:\/\/patrickvacation.com\/#organization\",\"name\":\"Alcequiez Tours and Travel\",\"url\":\"https:\/\/patrickvacation.com\/\",\"logo\":{\"@type\":\"ImageObject\",\"inLanguage\":\"fr-FR\",\"@id\":\"https:\/\/patrickvacation.com\/#\/schema\/logo\/image\/\",\"url\":\"https:\/\/patrickvacation.com\/wp-content\/uploads\/2023\/03\/Logo-Alcequiez.png\",\"contentUrl\":\"https:\/\/patrickvacation.com\/wp-content\/uploads\/2023\/03\/Logo-Alcequiez.png\",\"width\":1080,\"height\":560,\"caption\":\"Alcequiez Tours and Travel\"},\"image\":{\"@id\":\"https:\/\/patrickvacation.com\/#\/schema\/logo\/image\/\"},\"sameAs\":[\"https:\/\/www.facebook.com\/alcequiez.tours.travel\",\"https:\/\/www.instagram.com\/alcequieztour\/\"]}]}<\/script>\n<!-- \/ Yoast SEO plugin. -->","yoast_head_json":{"title":"Saman\u00e1 Tour - Patrick Vacation","description":"Saman\u00e1 destaca por el agua azul turquesa y cristalina de sus playas junto a palmeras y selva, que casi invaden la playa hasta la orilla, siendo el lugar perfecto para una jornada de aventura.","robots":{"index":"index","follow":"follow","max-snippet":"max-snippet:-1","max-image-preview":"max-image-preview:large","max-video-preview":"max-video-preview:-1"},"canonical":"https:\/\/patrickvacation.com\/fr\/excursiones\/samana-tour\/","og_locale":"fr_FR","og_type":"article","og_title":"Saman\u00e1 Tour - Patrick Vacation","og_description":"Saman\u00e1 destaca por el agua azul turquesa y cristalina de sus playas junto a palmeras y selva, que casi invaden la playa hasta la orilla, siendo el lugar perfecto para una jornada de aventura.","og_url":"https:\/\/patrickvacation.com\/fr\/excursiones\/samana-tour\/","og_site_name":"Patrick Vacation","article_publisher":"https:\/\/www.facebook.com\/alcequiez.tours.travel","article_modified_time":"2025-02-18T17:08:32+00:00","og_image":[{"width":720,"height":540,"url":"https:\/\/patrickvacation.com\/wp-content\/uploads\/2023\/06\/247182_10150262067721259_6021334_n.webp","type":"image\/webp"}],"twitter_card":"summary_large_image","twitter_misc":{"Dur\u00e9e de lecture estim\u00e9e":"1 minute"},"schema":{"@context":"https:\/\/schema.org","@graph":[{"@type":"WebPage","@id":"https:\/\/patrickvacation.com\/excursiones\/samana-tour\/","url":"https:\/\/patrickvacation.com\/excursiones\/samana-tour\/","name":"Saman\u00e1 Tour - Patrick Vacation","isPartOf":{"@id":"https:\/\/patrickvacation.com\/#website"},"primaryImageOfPage":{"@id":"https:\/\/patrickvacation.com\/excursiones\/samana-tour\/#primaryimage"},"image":{"@id":"https:\/\/patrickvacation.com\/excursiones\/samana-tour\/#primaryimage"},"thumbnailUrl":"https:\/\/patrickvacation.com\/wp-content\/uploads\/2023\/06\/247182_10150262067721259_6021334_n.webp","datePublished":"2023-06-01T21:41:17+00:00","dateModified":"2025-02-18T17:08:32+00:00","description":"Saman\u00e1 destaca por el agua azul turquesa y cristalina de sus playas junto a palmeras y selva, que casi invaden la playa hasta la orilla, siendo el lugar perfecto para una jornada de aventura.","breadcrumb":{"@id":"https:\/\/patrickvacation.com\/excursiones\/samana-tour\/#breadcrumb"},"inLanguage":"fr-FR","potentialAction":[{"@type":"ReadAction","target":["https:\/\/patrickvacation.com\/excursiones\/samana-tour\/"]}]},{"@type":"ImageObject","inLanguage":"fr-FR","@id":"https:\/\/patrickvacation.com\/excursiones\/samana-tour\/#primaryimage","url":"https:\/\/patrickvacation.com\/wp-content\/uploads\/2023\/06\/247182_10150262067721259_6021334_n.webp","contentUrl":"https:\/\/patrickvacation.com\/wp-content\/uploads\/2023\/06\/247182_10150262067721259_6021334_n.webp","width":720,"height":540},{"@type":"BreadcrumbList","@id":"https:\/\/patrickvacation.com\/excursiones\/samana-tour\/#breadcrumb","itemListElement":[{"@type":"ListItem","position":1,"name":"Portada","item":"https:\/\/patrickvacation.com\/"},{"@type":"ListItem","position":2,"name":"Excursiones y Reservas","item":"https:\/\/patrickvacation.com\/excursiones\/"},{"@type":"ListItem","position":3,"name":"Saman\u00e1 Tour"}]},{"@type":"WebSite","@id":"https:\/\/patrickvacation.com\/#website","url":"https:\/\/patrickvacation.com\/","name":"Patrick Vacation","description":"","publisher":{"@id":"https:\/\/patrickvacation.com\/#organization"},"potentialAction":[{"@type":"SearchAction","target":{"@type":"EntryPoint","urlTemplate":"https:\/\/patrickvacation.com\/?s={search_term_string}"},"query-input":{"@type":"PropertyValueSpecification","valueRequired":true,"valueName":"search_term_string"}}],"inLanguage":"fr-FR"},{"@type":"Organization","@id":"https:\/\/patrickvacation.com\/#organization","name":"Alcequiez Tours and Travel","url":"https:\/\/patrickvacation.com\/","logo":{"@type":"ImageObject","inLanguage":"fr-FR","@id":"https:\/\/patrickvacation.com\/#\/schema\/logo\/image\/","url":"https:\/\/patrickvacation.com\/wp-content\/uploads\/2023\/03\/Logo-Alcequiez.png","contentUrl":"https:\/\/patrickvacation.com\/wp-content\/uploads\/2023\/03\/Logo-Alcequiez.png","width":1080,"height":560,"caption":"Alcequiez Tours and Travel"},"image":{"@id":"https:\/\/patrickvacation.com\/#\/schema\/logo\/image\/"},"sameAs":["https:\/\/www.facebook.com\/alcequiez.tours.travel","https:\/\/www.instagram.com\/alcequieztour\/"]}]}},"_links":{"self":[{"href":"https:\/\/patrickvacation.com\/fr\/wp-json\/wp\/v2\/product\/6314","targetHints":{"allow":["GET"]}}],"collection":[{"href":"https:\/\/patrickvacation.com\/fr\/wp-json\/wp\/v2\/product"}],"about":[{"href":"https:\/\/patrickvacation.com\/fr\/wp-json\/wp\/v2\/types\/product"}],"version-history":[{"count":0,"href":"https:\/\/patrickvacation.com\/fr\/wp-json\/wp\/v2\/product\/6314\/revisions"}],"wp:featuredmedia":[{"embeddable":true,"href":"https:\/\/patrickvacation.com\/fr\/wp-json\/wp\/v2\/media\/6315"}],"wp:attachment":[{"href":"https:\/\/patrickvacation.com\/fr\/wp-json\/wp\/v2\/media?parent=6314"}],"wp:term":[{"taxonomy":"product_brand","embeddable":true,"href":"https:\/\/patrickvacation.com\/fr\/wp-json\/wp\/v2\/product_brand?post=6314"},{"taxonomy":"product_cat","embeddable":true,"href":"https:\/\/patrickvacation.com\/fr\/wp-json\/wp\/v2\/product_cat?post=6314"},{"taxonomy":"product_tag","embeddable":true,"href":"https:\/\/patrickvacation.com\/fr\/wp-json\/wp\/v2\/product_tag?post=6314"}],"curies":[{"name":"wp","href":"https:\/\/api.w.org\/{rel}","templated":true}]}}