{"id":6335,"date":"2025-02-27T17:06:07","date_gmt":"2025-02-27T17:06:07","guid":{"rendered":"https:\/\/patrickvacation.com\/?post_type=product&#038;p=6335"},"modified":"2025-02-27T17:06:07","modified_gmt":"2025-02-27T17:06:07","slug":"tour-montana-redonda-y-mas","status":"publish","type":"product","link":"https:\/\/patrickvacation.com\/fr\/excursiones\/tour-montana-redonda-y-mas\/","title":{"rendered":"Tour Monta\u00f1a Redonda y M\u00e1s"},"content":{"rendered":"<p><br data-mce-bogus=\"1\"><\/p>\n<section id=\"section-46-122\" class=\"ct-section nitro-offscreen\">\n<div class=\"ct-section-inner-wrap\" style=\"margin-left: auto;margin-right: auto;height: 341.156px;min-height: inherit;max-width: 1120px;padding: 23px 20px 31px;flex-direction: column;align-items: flex-start\">\n<h2 id=\"headline-47-122\" class=\"ct-headline\" style=\"margin: 0px;font-family: Quicksand;font-size: 35px\">Itinerario del tour<\/h2>\n<div id=\"_rich_text-90-122\" class=\"oxy-rich-text\" style=\"margin-top: 20px;width: 1080px\">\n<ul>\n<li>\n<p><span style=\"font-weight: bolder\">10:30 a.m. Recogida desde su Airbnb o hotel en Punta Cana:<\/span>\u00a0Comenzamos nuestra aventura hacia Monta\u00f1a Redonda.<\/p>\n<\/li>\n<li>\n<p><span style=\"font-weight: bolder\">Ascenso en mini cami\u00f3n de safari hacia Monta\u00f1a Redonda:<\/span>\u00a0Al llegar, prepara tu c\u00e1mara para capturar las vistas panor\u00e1micas y, si lo deseas, aprovecha la opci\u00f3n de fotos profesionales para inmortalizar el momento.<\/p>\n<\/li>\n<li>\n<p><span style=\"font-weight: bolder\">Visita a Hig\u00fcey:<\/span>\u00a0Despu\u00e9s de disfrutar de Monta\u00f1a Redonda, nos dirigimos hacia Hig\u00fcey. Aqu\u00ed, visitaremos la catedral, exploraremos el mercado local, tiendas artesanales y una f\u00e1brica de cigarros, brind\u00e1ndote una visi\u00f3n aut\u00e9ntica de la vida cotidiana en esta hist\u00f3rica ciudad.<\/p>\n<\/li>\n<li><span style=\"font-weight: bolder\">Regreso a tu hotel:<\/span>\u00a0Despu\u00e9s de una jornada llena de aventuras y descubrimientos, te llevaremos de vuelta a tu alojamiento, concluyendo as\u00ed una experiencia inolvidable.<\/li>\n<\/ul>\n<\/div>\n<\/div>\n<\/section>\n<section id=\"section-77-122\" class=\"ct-section nitro-offscreen\">\n<div class=\"ct-section-inner-wrap\" style=\"margin-left: auto;margin-right: auto;height: 461.135px;min-height: inherit;max-width: 1120px;padding: 23px 20px 31px;flex-direction: column;align-items: flex-start\">\n<h2 id=\"headline-78-122\" class=\"ct-headline\" style=\"margin: 0px;font-family: Quicksand;font-size: 35px\">\u00bfQu\u00e9 incluye tu reserva?<\/h2>\n<div id=\"_rich_text-123-122\" class=\"oxy-rich-text\" style=\"margin-top: 20px;width: 1080px\">\n<ul>\n<li>\n<p><span style=\"font-weight: bolder\">Transporte de ida y vuelta desde Punta Cana:<\/span>\u00a0Para tu comodidad, ofrecemos transporte confiable y c\u00f3modo desde y hacia tu alojamiento en Punta Cana. Nuestros veh\u00edculos est\u00e1n preparados para asegurar un viaje placentero, permiti\u00e9ndote disfrutar del paisaje y anticipar la aventura que te espera.<br \/><br data-mce-bogus=\"1\"><\/p>\n<\/li>\n<li>\n<p><span style=\"font-weight: bolder\">Entrada a Monta\u00f1a Redonda:<\/span>\u00a0Disfruta del acceso completo a Monta\u00f1a Redonda, un lugar m\u00e1gico que ofrece vistas panor\u00e1micas espectaculares. Es el lugar perfecto para sentir la brisa fresca y capturar momentos inolvidables con el tel\u00f3n de fondo de la naturaleza impresionante de la Rep\u00fablica Dominicana.<\/p>\n<\/li>\n<li>\n<p><span style=\"font-weight: bolder\">Traslado de ida y vuelta en mini cami\u00f3n de safari hacia Monta\u00f1a Redonda:<\/span>\u00a0La aventura comienza incluso antes de llegar a la monta\u00f1a, con un emocionante viaje en mini cami\u00f3n de safari. Esta experiencia te permite disfrutar de una vista \u00fanica del entorno natural y es una excelente manera de acercarte a la flora y fauna local de una manera divertida.<\/p>\n<\/li>\n<\/ul>\n<\/div>\n<\/div>\n<\/section>\n<h2 id=\"headline-372-3638\" class=\"ct-headline\" style=\"margin: 0px;font-family: Quicksand;font-size: 35px\">\u00bfY qu\u00e9 no incluye este tour?<\/h2>\n<div id=\"_rich_text-373-3638\" class=\"oxy-rich-text\">\n<ul>\n<li>\n<p><span style=\"font-weight: bolder\">Almuerzo:<\/span>\u00a0El tour no incluye comida. Sin embargo, te animamos a explorar las opciones locales antes o despu\u00e9s del tour para degustar la gastronom\u00eda dominicana. Es una excelente oportunidad para apoyar a los negocios locales y disfrutar de sabores aut\u00e9nticos.<\/p>\n<\/li>\n<li>\n<p><span style=\"font-weight: bolder\">Fotos profesionales:<\/span>\u00a0Si bien la belleza de Monta\u00f1a Redonda y Hig\u00fcey te inspirar\u00e1 a tomar muchas fotos, el servicio de fotograf\u00eda profesional no est\u00e1 incluido. Fot\u00f3grafos profesionales estar\u00e1n disponibles en Monta\u00f1a Redonda para capturar tus momentos, con la opci\u00f3n de comprar estas fotos como un recuerdo especial de tu viaje.<\/p>\n<\/li>\n<li>\n<p><span style=\"font-weight: bolder\">Cualquier otra actividad adicional en Monta\u00f1a Redonda:<\/span> Monta\u00f1a Redonda ofrece varias actividades y experiencias adicionales que pueden personalizar tu visita. Estas actividades no est\u00e1n incluidas en el paquete del tour y pueden ser adquiridas directamente en el sitio para aquellos interesados en enriquecer a\u00fan m\u00e1s su experiencia.<\/p>\n<\/li>\n<\/ul>\n<\/div>","protected":false},"excerpt":{"rendered":"<section id=\"section-46-122\" class=\"ct-section nitro-offscreen\">\n<div class=\"ct-section-inner-wrap\" style=\"margin-left: auto;margin-right: auto;height: 341.156px;min-height: inherit;max-width: 1120px;padding: 23px 20px 31px;flex-direction: column;align-items: flex-start\">\n<h2 id=\"headline-26-122\" class=\"ct-headline\" style=\"margin: 7px 0px 0px;font-family: Quicksand;font-size: 35px;font-weight: 700\">Excursi\u00f3n a Monta\u00f1a Redonda con Hig\u00fcey<\/h2>\n<h2>\n<div id=\"div_block-25-122\" class=\"ct-div-block\" style=\"flex-flow: column wrap;align-items: flex-start;margin-top: 21px;width: 609.594px;padding-top: 0px;font-size: 16px;font-weight: 400\">\n<div id=\"_rich_text-171-122\" class=\"oxy-rich-text\" style=\"width: 609.594px;margin-top: 15px\">\n<p style=\"margin-block-start: 0px\">Descubre dos de los destinos m\u00e1s encantadores de la\u00a0<span style=\"font-weight: bolder\">Rep\u00fablica Dominicana<\/span>\u00a0en una sola excursi\u00f3n: la impresionante Monta\u00f1a Redonda y la hist\u00f3rica ciudad de Hig\u00fcey. Esta experiencia combina vistas panor\u00e1micas inigualables con una inmersi\u00f3n cultural profunda en el coraz\u00f3n de la vida dominicana.<\/p>\n<p style=\"margin-block-end: 0px\">Como parte de esta aventura, ser\u00e1s recogido a las 10:30 a.m. desde tu Airbnb u hotel en Punta Cana. Desde all\u00ed, nos dirigimos hacia la primera parada de nuestra jornada:\u00a0<span style=\"font-weight: bolder\">Monta\u00f1a Redonda<\/span>, una elevaci\u00f3n que ofrece algunas de las vistas m\u00e1s espectaculares del pa\u00eds.<\/p>\n<\/div>\n<\/div>\n<\/h2>\n<h2 id=\"headline-307-122\" class=\"ct-headline\" style=\"margin: 7px 0px 0px;font-family: Quicksand;font-size: 35px\">Por qu\u00e9 no te puedes perder esta excursi\u00f3n<br \/><\/h2>\n<h2>\n<div id=\"div_block-306-122\" class=\"ct-div-block\" style=\"flex-flow: column wrap;align-items: flex-start;margin-top: 21px;width: 609.594px;padding-top: 0px;font-size: 16px;font-weight: 400\">\n<div id=\"_rich_text-308-122\" class=\"oxy-rich-text\" style=\"width: 609.594px;margin-top: 15px\">\n<p style=\"margin-block-start: 0px\">La Monta\u00f1a Redonda no es solo un lugar para admirar el paisaje. Es un punto de encuentro entre la tierra y el cielo, donde el viento acaricia tu piel mientras contemplas panoramas que cortan la respiraci\u00f3n.<\/p>\n<p style=\"margin-block-end: 0px\">Luego, la experiencia se enriquece con un tour por\u00a0<span style=\"font-weight: bolder\">Hig\u00fcey<\/span>, permiti\u00e9ndote conocer de cerca la vibrante vida local, su arquitectura, mercados y tradiciones<\/p>\n<\/div>\n<\/div>\n<\/h2>\n<\/div>\n<\/section>","protected":false},"featured_media":6877,"template":"","meta":[],"product_brand":[],"product_cat":[178,182],"product_tag":[],"class_list":{"0":"post-6335","1":"product","2":"type-product","3":"status-publish","4":"has-post-thumbnail","6":"product_cat-aventura-safari","7":"product_cat-ecoaventura-senderismo","9":"first","10":"instock","11":"virtual","12":"purchasable","13":"product-type-simple"},"yoast_head":"<!-- This site is optimized with the Yoast SEO plugin v24.7 - https:\/\/yoast.com\/wordpress\/plugins\/seo\/ -->\n<title>Tour Monta\u00f1a Redonda y M\u00e1s - Patrick Vacation<\/title>\n<meta name=\"robots\" content=\"index, follow, max-snippet:-1, max-image-preview:large, max-video-preview:-1\" \/>\n<link rel=\"canonical\" href=\"https:\/\/patrickvacation.com\/fr\/excursiones\/tour-montana-redonda-y-mas\/\" \/>\n<meta property=\"og:locale\" content=\"fr_FR\" \/>\n<meta property=\"og:type\" content=\"article\" \/>\n<meta property=\"og:title\" content=\"Tour Monta\u00f1a Redonda y M\u00e1s - Patrick Vacation\" \/>\n<meta property=\"og:description\" content=\"Excursi\u00f3n a Monta\u00f1a Redonda con Hig\u00fceyDescubre dos de los destinos m\u00e1s encantadores de la\u00a0Rep\u00fablica Dominicana\u00a0en una sola excursi\u00f3n: la impresionante Monta\u00f1a Redonda y la hist\u00f3rica ciudad de Hig\u00fcey. Esta experiencia combina vistas panor\u00e1micas inigualables con una inmersi\u00f3n cultural profunda en el coraz\u00f3n de la vida dominicana.Como parte de esta aventura, ser\u00e1s recogido a las 10:30 a.m. desde tu Airbnb u hotel en Punta Cana. Desde all\u00ed, nos dirigimos hacia la primera parada de nuestra jornada:\u00a0Monta\u00f1a Redonda, una elevaci\u00f3n que ofrece algunas de las vistas m\u00e1s espectaculares del pa\u00eds.Por qu\u00e9 no te puedes perder esta excursi\u00f3nLa Monta\u00f1a Redonda no es solo un lugar para admirar el paisaje. Es un punto de encuentro entre la tierra y el cielo, donde el viento acaricia tu piel mientras contemplas panoramas que cortan la respiraci\u00f3n.Luego, la experiencia se enriquece con un tour por\u00a0Hig\u00fcey, permiti\u00e9ndote conocer de cerca la vibrante vida local, su arquitectura, mercados y tradiciones\" \/>\n<meta property=\"og:url\" content=\"https:\/\/patrickvacation.com\/fr\/excursiones\/tour-montana-redonda-y-mas\/\" \/>\n<meta property=\"og:site_name\" content=\"Patrick Vacation\" \/>\n<meta property=\"article:publisher\" content=\"https:\/\/www.facebook.com\/alcequiez.tours.travel\" \/>\n<meta property=\"og:image\" content=\"https:\/\/patrickvacation.com\/wp-content\/uploads\/2025\/02\/Captura-de-pantalla-2025-02-26-205825.jpg\" \/>\n\t<meta property=\"og:image:width\" content=\"601\" \/>\n\t<meta property=\"og:image:height\" content=\"445\" \/>\n\t<meta property=\"og:image:type\" content=\"image\/jpeg\" \/>\n<meta name=\"twitter:card\" content=\"summary_large_image\" \/>\n<meta name=\"twitter:label1\" content=\"Dur\u00e9e de lecture estim\u00e9e\" \/>\n\t<meta name=\"twitter:data1\" content=\"2 minutes\" \/>\n<script type=\"application\/ld+json\" class=\"yoast-schema-graph\">{\"@context\":\"https:\/\/schema.org\",\"@graph\":[{\"@type\":\"WebPage\",\"@id\":\"https:\/\/patrickvacation.com\/excursiones\/tour-montana-redonda-y-mas\/\",\"url\":\"https:\/\/patrickvacation.com\/excursiones\/tour-montana-redonda-y-mas\/\",\"name\":\"Tour Monta\u00f1a Redonda y M\u00e1s - Patrick Vacation\",\"isPartOf\":{\"@id\":\"https:\/\/patrickvacation.com\/#website\"},\"primaryImageOfPage\":{\"@id\":\"https:\/\/patrickvacation.com\/excursiones\/tour-montana-redonda-y-mas\/#primaryimage\"},\"image\":{\"@id\":\"https:\/\/patrickvacation.com\/excursiones\/tour-montana-redonda-y-mas\/#primaryimage\"},\"thumbnailUrl\":\"https:\/\/patrickvacation.com\/wp-content\/uploads\/2025\/02\/Captura-de-pantalla-2025-02-26-205825.jpg\",\"datePublished\":\"2025-02-27T17:06:07+00:00\",\"breadcrumb\":{\"@id\":\"https:\/\/patrickvacation.com\/excursiones\/tour-montana-redonda-y-mas\/#breadcrumb\"},\"inLanguage\":\"fr-FR\",\"potentialAction\":[{\"@type\":\"ReadAction\",\"target\":[\"https:\/\/patrickvacation.com\/excursiones\/tour-montana-redonda-y-mas\/\"]}]},{\"@type\":\"ImageObject\",\"inLanguage\":\"fr-FR\",\"@id\":\"https:\/\/patrickvacation.com\/excursiones\/tour-montana-redonda-y-mas\/#primaryimage\",\"url\":\"https:\/\/patrickvacation.com\/wp-content\/uploads\/2025\/02\/Captura-de-pantalla-2025-02-26-205825.jpg\",\"contentUrl\":\"https:\/\/patrickvacation.com\/wp-content\/uploads\/2025\/02\/Captura-de-pantalla-2025-02-26-205825.jpg\",\"width\":601,\"height\":445},{\"@type\":\"BreadcrumbList\",\"@id\":\"https:\/\/patrickvacation.com\/excursiones\/tour-montana-redonda-y-mas\/#breadcrumb\",\"itemListElement\":[{\"@type\":\"ListItem\",\"position\":1,\"name\":\"Portada\",\"item\":\"https:\/\/patrickvacation.com\/\"},{\"@type\":\"ListItem\",\"position\":2,\"name\":\"Excursiones y Reservas\",\"item\":\"https:\/\/patrickvacation.com\/excursiones\/\"},{\"@type\":\"ListItem\",\"position\":3,\"name\":\"Tour Monta\u00f1a Redonda y M\u00e1s\"}]},{\"@type\":\"WebSite\",\"@id\":\"https:\/\/patrickvacation.com\/#website\",\"url\":\"https:\/\/patrickvacation.com\/\",\"name\":\"Patrick Vacation\",\"description\":\"\",\"publisher\":{\"@id\":\"https:\/\/patrickvacation.com\/#organization\"},\"potentialAction\":[{\"@type\":\"SearchAction\",\"target\":{\"@type\":\"EntryPoint\",\"urlTemplate\":\"https:\/\/patrickvacation.com\/?s={search_term_string}\"},\"query-input\":{\"@type\":\"PropertyValueSpecification\",\"valueRequired\":true,\"valueName\":\"search_term_string\"}}],\"inLanguage\":\"fr-FR\"},{\"@type\":\"Organization\",\"@id\":\"https:\/\/patrickvacation.com\/#organization\",\"name\":\"Alcequiez Tours and Travel\",\"url\":\"https:\/\/patrickvacation.com\/\",\"logo\":{\"@type\":\"ImageObject\",\"inLanguage\":\"fr-FR\",\"@id\":\"https:\/\/patrickvacation.com\/#\/schema\/logo\/image\/\",\"url\":\"https:\/\/patrickvacation.com\/wp-content\/uploads\/2023\/03\/Logo-Alcequiez.png\",\"contentUrl\":\"https:\/\/patrickvacation.com\/wp-content\/uploads\/2023\/03\/Logo-Alcequiez.png\",\"width\":1080,\"height\":560,\"caption\":\"Alcequiez Tours and Travel\"},\"image\":{\"@id\":\"https:\/\/patrickvacation.com\/#\/schema\/logo\/image\/\"},\"sameAs\":[\"https:\/\/www.facebook.com\/alcequiez.tours.travel\",\"https:\/\/www.instagram.com\/alcequieztour\/\"]}]}<\/script>\n<!-- \/ Yoast SEO plugin. -->","yoast_head_json":{"title":"Tour Monta\u00f1a Redonda y M\u00e1s - Patrick Vacation","robots":{"index":"index","follow":"follow","max-snippet":"max-snippet:-1","max-image-preview":"max-image-preview:large","max-video-preview":"max-video-preview:-1"},"canonical":"https:\/\/patrickvacation.com\/fr\/excursiones\/tour-montana-redonda-y-mas\/","og_locale":"fr_FR","og_type":"article","og_title":"Tour Monta\u00f1a Redonda y M\u00e1s - Patrick Vacation","og_description":"Excursi\u00f3n a Monta\u00f1a Redonda con Hig\u00fceyDescubre dos de los destinos m\u00e1s encantadores de la\u00a0Rep\u00fablica Dominicana\u00a0en una sola excursi\u00f3n: la impresionante Monta\u00f1a Redonda y la hist\u00f3rica ciudad de Hig\u00fcey. Esta experiencia combina vistas panor\u00e1micas inigualables con una inmersi\u00f3n cultural profunda en el coraz\u00f3n de la vida dominicana.Como parte de esta aventura, ser\u00e1s recogido a las 10:30 a.m. desde tu Airbnb u hotel en Punta Cana. Desde all\u00ed, nos dirigimos hacia la primera parada de nuestra jornada:\u00a0Monta\u00f1a Redonda, una elevaci\u00f3n que ofrece algunas de las vistas m\u00e1s espectaculares del pa\u00eds.Por qu\u00e9 no te puedes perder esta excursi\u00f3nLa Monta\u00f1a Redonda no es solo un lugar para admirar el paisaje. Es un punto de encuentro entre la tierra y el cielo, donde el viento acaricia tu piel mientras contemplas panoramas que cortan la respiraci\u00f3n.Luego, la experiencia se enriquece con un tour por\u00a0Hig\u00fcey, permiti\u00e9ndote conocer de cerca la vibrante vida local, su arquitectura, mercados y tradiciones","og_url":"https:\/\/patrickvacation.com\/fr\/excursiones\/tour-montana-redonda-y-mas\/","og_site_name":"Patrick Vacation","article_publisher":"https:\/\/www.facebook.com\/alcequiez.tours.travel","og_image":[{"width":601,"height":445,"url":"https:\/\/patrickvacation.com\/wp-content\/uploads\/2025\/02\/Captura-de-pantalla-2025-02-26-205825.jpg","type":"image\/jpeg"}],"twitter_card":"summary_large_image","twitter_misc":{"Dur\u00e9e de lecture estim\u00e9e":"2 minutes"},"schema":{"@context":"https:\/\/schema.org","@graph":[{"@type":"WebPage","@id":"https:\/\/patrickvacation.com\/excursiones\/tour-montana-redonda-y-mas\/","url":"https:\/\/patrickvacation.com\/excursiones\/tour-montana-redonda-y-mas\/","name":"Tour Monta\u00f1a Redonda y M\u00e1s - Patrick Vacation","isPartOf":{"@id":"https:\/\/patrickvacation.com\/#website"},"primaryImageOfPage":{"@id":"https:\/\/patrickvacation.com\/excursiones\/tour-montana-redonda-y-mas\/#primaryimage"},"image":{"@id":"https:\/\/patrickvacation.com\/excursiones\/tour-montana-redonda-y-mas\/#primaryimage"},"thumbnailUrl":"https:\/\/patrickvacation.com\/wp-content\/uploads\/2025\/02\/Captura-de-pantalla-2025-02-26-205825.jpg","datePublished":"2025-02-27T17:06:07+00:00","breadcrumb":{"@id":"https:\/\/patrickvacation.com\/excursiones\/tour-montana-redonda-y-mas\/#breadcrumb"},"inLanguage":"fr-FR","potentialAction":[{"@type":"ReadAction","target":["https:\/\/patrickvacation.com\/excursiones\/tour-montana-redonda-y-mas\/"]}]},{"@type":"ImageObject","inLanguage":"fr-FR","@id":"https:\/\/patrickvacation.com\/excursiones\/tour-montana-redonda-y-mas\/#primaryimage","url":"https:\/\/patrickvacation.com\/wp-content\/uploads\/2025\/02\/Captura-de-pantalla-2025-02-26-205825.jpg","contentUrl":"https:\/\/patrickvacation.com\/wp-content\/uploads\/2025\/02\/Captura-de-pantalla-2025-02-26-205825.jpg","width":601,"height":445},{"@type":"BreadcrumbList","@id":"https:\/\/patrickvacation.com\/excursiones\/tour-montana-redonda-y-mas\/#breadcrumb","itemListElement":[{"@type":"ListItem","position":1,"name":"Portada","item":"https:\/\/patrickvacation.com\/"},{"@type":"ListItem","position":2,"name":"Excursiones y Reservas","item":"https:\/\/patrickvacation.com\/excursiones\/"},{"@type":"ListItem","position":3,"name":"Tour Monta\u00f1a Redonda y M\u00e1s"}]},{"@type":"WebSite","@id":"https:\/\/patrickvacation.com\/#website","url":"https:\/\/patrickvacation.com\/","name":"Patrick Vacation","description":"","publisher":{"@id":"https:\/\/patrickvacation.com\/#organization"},"potentialAction":[{"@type":"SearchAction","target":{"@type":"EntryPoint","urlTemplate":"https:\/\/patrickvacation.com\/?s={search_term_string}"},"query-input":{"@type":"PropertyValueSpecification","valueRequired":true,"valueName":"search_term_string"}}],"inLanguage":"fr-FR"},{"@type":"Organization","@id":"https:\/\/patrickvacation.com\/#organization","name":"Alcequiez Tours and Travel","url":"https:\/\/patrickvacation.com\/","logo":{"@type":"ImageObject","inLanguage":"fr-FR","@id":"https:\/\/patrickvacation.com\/#\/schema\/logo\/image\/","url":"https:\/\/patrickvacation.com\/wp-content\/uploads\/2023\/03\/Logo-Alcequiez.png","contentUrl":"https:\/\/patrickvacation.com\/wp-content\/uploads\/2023\/03\/Logo-Alcequiez.png","width":1080,"height":560,"caption":"Alcequiez Tours and Travel"},"image":{"@id":"https:\/\/patrickvacation.com\/#\/schema\/logo\/image\/"},"sameAs":["https:\/\/www.facebook.com\/alcequiez.tours.travel","https:\/\/www.instagram.com\/alcequieztour\/"]}]}},"_links":{"self":[{"href":"https:\/\/patrickvacation.com\/fr\/wp-json\/wp\/v2\/product\/6335","targetHints":{"allow":["GET"]}}],"collection":[{"href":"https:\/\/patrickvacation.com\/fr\/wp-json\/wp\/v2\/product"}],"about":[{"href":"https:\/\/patrickvacation.com\/fr\/wp-json\/wp\/v2\/types\/product"}],"version-history":[{"count":0,"href":"https:\/\/patrickvacation.com\/fr\/wp-json\/wp\/v2\/product\/6335\/revisions"}],"wp:featuredmedia":[{"embeddable":true,"href":"https:\/\/patrickvacation.com\/fr\/wp-json\/wp\/v2\/media\/6877"}],"wp:attachment":[{"href":"https:\/\/patrickvacation.com\/fr\/wp-json\/wp\/v2\/media?parent=6335"}],"wp:term":[{"taxonomy":"product_brand","embeddable":true,"href":"https:\/\/patrickvacation.com\/fr\/wp-json\/wp\/v2\/product_brand?post=6335"},{"taxonomy":"product_cat","embeddable":true,"href":"https:\/\/patrickvacation.com\/fr\/wp-json\/wp\/v2\/product_cat?post=6335"},{"taxonomy":"product_tag","embeddable":true,"href":"https:\/\/patrickvacation.com\/fr\/wp-json\/wp\/v2\/product_tag?post=6335"}],"curies":[{"name":"wp","href":"https:\/\/api.w.org\/{rel}","templated":true}]}}