{"id":6830,"date":"2025-02-21T00:28:26","date_gmt":"2025-02-21T00:28:26","guid":{"rendered":"https:\/\/patrickvacation.com\/reservas\/isla-saona-en-yate-privado\/"},"modified":"2025-02-24T16:32:00","modified_gmt":"2025-02-24T16:32:00","slug":"isla-saona-en-yate-privado","status":"publish","type":"product","link":"https:\/\/patrickvacation.com\/fr\/excursiones\/isla-saona-en-yate-privado\/","title":{"rendered":"Isla Saona en Yate Privado (Capacidad 20 personas)"},"content":{"rendered":"<section id=\"section-46-122\" class=\"ct-section nitro-offscreen\">\n<div class=\"ct-section-inner-wrap\" style=\"margin-left: auto;margin-right: auto;height: 545.906px;min-height: inherit;max-width: 1120px;padding: 23px 20px 31px;flex-direction: column;align-items: flex-start\" data-mce-style=\"margin-left: auto; margin-right: auto; height: 545.906px; min-height: inherit; max-width: 1120px; padding: 23px 20px 31px; flex-direction: column; align-items: flex-start;\">\n<h2 id=\"headline-47-122\" class=\"ct-headline\" style=\"margin: 0px;font-family: Quicksand;font-size: 35px\" data-mce-style=\"margin: 0px; font-family: Quicksand; font-size: 35px;\">Itinerario de la actividad<\/h2>\n<div id=\"_rich_text-90-122\" class=\"oxy-rich-text\" style=\"margin-top: 20px;width: 1080px\" data-mce-style=\"margin-top: 20px; width: 1080px;\">\n<ul>\n<li><span style=\"font-weight: bolder\" data-mce-style=\"font-weight: bolder;\">8:30h<\/span>\u00a0&#8211; Recogida desde su alojamiento (hotel, resort, villa, etc).<\/li>\n<li><span style=\"font-weight: bolder\" data-mce-style=\"font-weight: bolder;\">9:30h<\/span>\u00a0&#8211; Llegada al puerto de la Romana, donde embarcamos en el yate para comenzar la aventura.<\/li>\n<li><span style=\"font-weight: bolder\" data-mce-style=\"font-weight: bolder;\">9:45h<\/span>\u00a0&#8211; Charla con instrucciones sobre seguridad a bordo, para que todos nuestros clientes se sientan seguros.<\/li>\n<li><span style=\"font-weight: bolder\" data-mce-style=\"font-weight: bolder;\">10:00h<\/span>\u00a0&#8211; Comienza el viaje hacia isla Saona, donde nuestro mayordomo y nuestro equipo les recibir\u00e1 con un peque\u00f1o aperitivo y copas de bienvenida.<\/li>\n<li><span style=\"font-weight: bolder\" data-mce-style=\"font-weight: bolder;\">11:45h<\/span>\u00a0&#8211; Llegada a la exclusiva playa de arena blanca de isla Saona, objetivo principal de este tour privado y el verdadero comienzo de la excursi\u00f3n. Nuestros gu\u00edas siempre estar\u00e1n pendientes y te atender\u00e1n en todo lo que necesites.<\/li>\n<li><span style=\"font-weight: bolder\" data-mce-style=\"font-weight: bolder;\">13:10h<\/span>\u00a0&#8211; Almuerzo tradicional, con platos t\u00edpicos que reflejan la historia y la cultura dominicana, y que estamos seguros de que disfrutar\u00e1s por su combinaci\u00f3n \u00fanica de sabores. Continuamos disfrutando de la excursi\u00f3n premium, haciendo una parada en la piscina natural y en playa Palmilla para observar el fondo marino y disfrutar de las estrellas de mar, caminar entre palmeras y mucho m\u00e1s en esta experiencia de lujo.<\/li>\n<li><span style=\"font-weight: bolder\" data-mce-style=\"font-weight: bolder;\">15:00h<\/span>\u00a0&#8211; Subimos al yate para regresar al punto de encuentro, disfrutando durante el viaje de la m\u00fasica que el cliente desee.<\/li>\n<li><span style=\"font-weight: bolder\" data-mce-style=\"font-weight: bolder;\">17:00h<\/span>\u00a0&#8211; Llegada al puerto de la Romana despu\u00e9s de una jornada fabulosa.<\/li>\n<li><span style=\"font-weight: bolder\" data-mce-style=\"font-weight: bolder;\">18:00h<\/span>\u00a0&#8211; Final del tour privado<\/li>\n<\/ul>\n<p style=\"margin-block-end: 0px\" data-mce-style=\"margin-block-end: 0px;\"><em>* Los horarios indicados anteriormente son aproximados.<\/em><\/p>\n<\/div>\n<\/div>\n<\/section>\n<section id=\"section-147-122\" class=\"ct-section nitro-offscreen\">\n<div class=\"ct-section-inner-wrap\" style=\"margin-left: auto;margin-right: auto;height: 283.969px;min-height: inherit;max-width: 1120px;padding: 23px 20px 31px;flex-direction: column;align-items: flex-start\" data-mce-style=\"margin-left: auto; margin-right: auto; height: 283.969px; min-height: inherit; max-width: 1120px; padding: 23px 20px 31px; flex-direction: column; align-items: flex-start;\">\n<h2 id=\"headline-148-122\" class=\"ct-headline\" style=\"margin: 0px;font-family: Quicksand;font-size: 35px\" data-mce-style=\"margin: 0px; font-family: Quicksand; font-size: 35px;\">Maravillas marinas a un paso de la selva<\/h2>\n<div id=\"_rich_text-187-122\" class=\"oxy-rich-text\" style=\"margin-top: 15px;margin-bottom: 15px;width: 1080px\" data-mce-style=\"margin-top: 15px; margin-bottom: 15px; width: 1080px;\">\n<p style=\"margin-block-start: 0px\" data-mce-style=\"margin-block-start: 0px;\">Isla Saona es el\u00a0<span style=\"font-weight: bolder\" data-mce-style=\"font-weight: bolder;\">hogar de una buena cantidad de especies<\/span>, algunas de las cuales solo se pueden encontrar en la Rep\u00fablica Dominicana. Adem\u00e1s, toda la isla est\u00e1 llena de estrellas de mar que puedes observar muy de cerca, tanto por su abundancia como por la sensaci\u00f3n de caminar en una piscina natural, en la que el agua te llega solo a las rodillas y no hay olas.<\/p>\n<p style=\"margin-block-end: 0px\" data-mce-style=\"margin-block-end: 0px;\">Otro de los grandes atractivos de este lugar es la cercan\u00eda de la playa con los\u00a0<span style=\"font-weight: bolder\" data-mce-style=\"font-weight: bolder;\">diversos ecosistemas<\/span>\u00a0que forman el parque nacional Cotubanama, que hacen de la excursi\u00f3n de un d\u00eda completo en isla Saona toda una experiencia.<\/p>\n<\/div>\n<\/div>\n<\/section>\n<section id=\"section-77-122\" class=\"ct-section nitro-offscreen\">\n<div class=\"ct-section-inner-wrap\" style=\"margin-left: auto;margin-right: auto;height: 486.729px;min-height: inherit;max-width: 1120px;padding: 23px 20px 31px;flex-direction: column;align-items: flex-start\" data-mce-style=\"margin-left: auto; margin-right: auto; height: 486.729px; min-height: inherit; max-width: 1120px; padding: 23px 20px 31px; flex-direction: column; align-items: flex-start;\">\n<h2 id=\"headline-78-122\" class=\"ct-headline\" style=\"margin: 0px;font-family: Quicksand;font-size: 35px\" data-mce-style=\"margin: 0px; font-family: Quicksand; font-size: 35px;\">Recomendaciones para la excursi\u00f3n<\/h2>\n<div id=\"_rich_text-123-122\" class=\"oxy-rich-text\" style=\"margin-top: 20px;width: 1080px\" data-mce-style=\"margin-top: 20px; width: 1080px;\">\n<p style=\"margin-block-start: 0px\" data-mce-style=\"margin-block-start: 0px;\">Aunque nuestro equipo se encargar\u00e1 de todo para que la aventura sea lo mejor posible, hay algunas cosas que recomendamos llevar para disfrutar al m\u00e1ximo de la experiencia:<\/p>\n<ul>\n<li>Unas\u00a0<span style=\"font-weight: bolder\" data-mce-style=\"font-weight: bolder;\">gafas de sol<\/span>\u00a0para proteger los ojos de la radiaci\u00f3n, que puede ser muy intensa sobre todo a determinadas horas.<\/li>\n<li>Una\u00a0<span style=\"font-weight: bolder\" data-mce-style=\"font-weight: bolder;\">gorra o sombrero<\/span>\u00a0para cubrirse la cabeza.<\/li>\n<li><span style=\"font-weight: bolder\" data-mce-style=\"font-weight: bolder;\">Traje de ba\u00f1o<\/span>.<\/li>\n<li>Una\u00a0<span style=\"font-weight: bolder\" data-mce-style=\"font-weight: bolder;\">toalla<\/span>\u00a0para secarse y tumbarse sobre la arena blanca.<\/li>\n<li><span style=\"font-weight: bolder\" data-mce-style=\"font-weight: bolder;\">Sandalias<\/span>\u00a0para caminar dentro del mar con los pies protegidos.<\/li>\n<li>Una<span style=\"font-weight: bolder\" data-mce-style=\"font-weight: bolder;\">\u00a0c\u00e1mara de fotos<\/span>\u00a0con la que inmortalizar algunos de los muchos recuerdos que vivir\u00e1s durante la excursi\u00f3n.<\/li>\n<li><span style=\"font-weight: bolder\" data-mce-style=\"font-weight: bolder;\">Protector solar<\/span>\u00a0con filtro alto para cuidar la piel durante todo el d\u00eda.<\/li>\n<li><span style=\"font-weight: bolder\" data-mce-style=\"font-weight: bolder;\">Dinero en efectivo<\/span>\u00a0si quieres comprar alg\u00fan recuerdo de tu excursi\u00f3n<\/li>\n<\/ul>\n<\/div>\n<\/div>\n<\/section>\n<section id=\"section-331-3418\" class=\"ct-section nitro-offscreen\">\n<div class=\"ct-section-inner-wrap\" style=\"margin-left: auto;margin-right: auto;height: 392.344px;min-height: inherit;max-width: 1120px;padding: 23px 20px 31px;flex-direction: column;align-items: flex-start\" data-mce-style=\"margin-left: auto; margin-right: auto; height: 392.344px; min-height: inherit; max-width: 1120px; padding: 23px 20px 31px; flex-direction: column; align-items: flex-start;\">\n<h2 id=\"headline-332-3418\" class=\"ct-headline\" style=\"margin: 0px;font-family: Quicksand;font-size: 35px\" data-mce-style=\"margin: 0px; font-family: Quicksand; font-size: 35px;\">\u00bfQu\u00e9 est\u00e1 incluido en esta excursi\u00f3n premium?<br \/><\/h2>\n<div id=\"_rich_text-333-3418\" class=\"oxy-rich-text\" style=\"margin-top: 20px;width: 1080px\" data-mce-style=\"margin-top: 20px; width: 1080px;\">\n<p style=\"margin-block-start: 0px\" data-mce-style=\"margin-block-start: 0px;\">Estos son todos los\u00a0<span style=\"font-weight: bolder\" data-mce-style=\"font-weight: bolder;\">productos y servicios incluidos<\/span>\u00a0con su reserva:<\/p>\n<ul>\n<li><span style=\"font-weight: bolder\" data-mce-style=\"font-weight: bolder;\">Traslado<\/span>\u00a0hasta el puerto de la Romana desde su alojamiento.<\/li>\n<li><span style=\"font-weight: bolder\" data-mce-style=\"font-weight: bolder;\">Almuerzo t\u00edpico dominicano<\/span>\u00a0con platos tradicionales locales.<\/li>\n<li><span style=\"font-weight: bolder\" data-mce-style=\"font-weight: bolder;\">Tasas de entrada<\/span>\u00a0al parque nacional del Este.<\/li>\n<li>Trayecto de ida y vuelta a isla Saona en\u00a0<span style=\"font-weight: bolder\" data-mce-style=\"font-weight: bolder;\">yate<\/span>.<\/li>\n<li>Visita a la\u00a0<span style=\"font-weight: bolder\" data-mce-style=\"font-weight: bolder;\">piscina natural<\/span>.<\/li>\n<li><span style=\"font-weight: bolder\" data-mce-style=\"font-weight: bolder;\">Agua y refrescos<\/span>.<\/li>\n<li><span style=\"font-weight: bolder\" data-mce-style=\"font-weight: bolder;\">Aperitivo de bienvenida a base de nachos con salsa.<\/span><\/li>\n<li><span style=\"font-weight: bolder\" data-mce-style=\"font-weight: bolder;\">Fruta fresca<\/span>.<\/li>\n<\/ul>\n<\/div>\n<\/div>\n<\/section>\n<section id=\"section-340-3418\" class=\"ct-section nitro-offscreen\">\n<div class=\"ct-section-inner-wrap\" style=\"margin-left: auto;margin-right: auto;height: 206.781px;min-height: inherit;max-width: 1120px;padding: 23px 20px 31px;flex-direction: column;align-items: flex-start\" data-mce-style=\"margin-left: auto; margin-right: auto; height: 206.781px; min-height: inherit; max-width: 1120px; padding: 23px 20px 31px; flex-direction: column; align-items: flex-start;\">\n<h2 id=\"headline-341-3418\" class=\"ct-headline\" style=\"margin: 0px;font-family: Quicksand;font-size: 35px\" data-mce-style=\"margin: 0px; font-family: Quicksand; font-size: 35px;\">\u00bfEl almuerzo incluye langosta?<br \/><\/h2>\n<div id=\"_rich_text-342-3418\" class=\"oxy-rich-text\" style=\"margin-top: 20px;width: 1080px\" data-mce-style=\"margin-top: 20px; width: 1080px;\">\n<p>La langosta no est\u00e1 incluida en el men\u00fa del almuerzo, aunque s\u00ed se puede reservar como extra para vivir una experiencia a\u00fan m\u00e1s lujosa. Sin embargo, es posible que, dependiendo de la temporada en la que nos encontremos, no este manjar, por lo que recomendamos preguntarnos por esta opci\u00f3n antes de realizar tu reserva.<\/p>\n<\/div>\n<\/div>\n<\/section>\n<section id=\"section-348-3418\" class=\"ct-section nitro-offscreen\">\n<div class=\"ct-section-inner-wrap\" style=\"margin-left: auto;margin-right: auto;height: 341.156px;min-height: inherit;max-width: 1120px;padding: 23px 20px 31px;flex-direction: column;align-items: flex-start\" data-mce-style=\"margin-left: auto; margin-right: auto; height: 341.156px; min-height: inherit; max-width: 1120px; padding: 23px 20px 31px; flex-direction: column; align-items: flex-start;\">\n<h2 id=\"headline-349-3418\" class=\"ct-headline\" style=\"margin: 0px;font-family: Quicksand;font-size: 35px\" data-mce-style=\"margin: 0px; font-family: Quicksand; font-size: 35px;\">Caracter\u00edsticas del yate<br \/><\/h2>\n<div id=\"_rich_text-350-3418\" class=\"oxy-rich-text\" style=\"margin-top: 20px;width: 1080px\" data-mce-style=\"margin-top: 20px; width: 1080px;\">\n<p style=\"margin-block-start: 0px\" data-mce-style=\"margin-block-start: 0px;\">Estas son las caracter\u00edsticas del yate en el que vivir\u00e1s una magn\u00edfica aventura:<\/p>\n<ul>\n<li><span style=\"font-weight: bolder\" data-mce-style=\"font-weight: bolder;\">Capacidad m\u00e1xima<\/span>: 20 personas.<\/li>\n<li><span style=\"font-weight: bolder\" data-mce-style=\"font-weight: bolder;\">2 motores<\/span>\u00a0Volvo.<\/li>\n<li><span style=\"font-weight: bolder\" data-mce-style=\"font-weight: bolder;\">2 ba\u00f1os<\/span>.<\/li>\n<li><span style=\"font-weight: bolder\" data-mce-style=\"font-weight: bolder;\">3 camarotes<\/span>.<\/li>\n<li><span style=\"font-weight: bolder\" data-mce-style=\"font-weight: bolder;\">Aire acondicionado<\/span>.<\/li>\n<li><span style=\"font-weight: bolder\" data-mce-style=\"font-weight: bolder;\">Yate<\/span>\u00a0de 15 metros de largo y 8 metros de ancho.<\/li>\n<\/ul>\n<\/div>\n<\/div>\n<\/section>","protected":false},"excerpt":{"rendered":"<div id=\"div_block-25-122\" class=\"ct-div-block\">\n<h2 id=\"headline-26-122\" class=\"ct-headline\" style=\"margin: 7px 0px 0px;font-family: Quicksand;font-size: 35px\" data-mce-style=\"margin: 7px 0px 0px; font-family: Quicksand; font-size: 35px;\">Tour a Isla Saona en Yate Privado<\/h2>\n<div id=\"_rich_text-171-122\" class=\"oxy-rich-text\" style=\"width: 609.594px;margin-top: 15px\" data-mce-style=\"width: 609.594px; margin-top: 15px;\">\n<p style=\"margin-block-start: 0px\" data-mce-style=\"margin-block-start: 0px;\">Imagina pasar un d\u00eda en un<span style=\"font-weight: bolder\" data-mce-style=\"font-weight: bolder;\">\u00a0para\u00edso de aguas cristalinas y playas de arena blanca<\/span>, cuya belleza es tan abrumadora que cuesta creer que no sea una fantas\u00eda. Esta es la mejor manera de definir isla Saona, una joya en Rep\u00fablica Dominicana.<\/p>\n<p style=\"margin-block-end: 0px\" data-mce-style=\"margin-block-end: 0px;\">La excursi\u00f3n de un d\u00eda completo en isla Saona es un tour privado en el que podr\u00e1s disfrutar de\u00a0<span style=\"font-weight: bolder\" data-mce-style=\"font-weight: bolder;\">estrellas de mar y playas v\u00edrgenes<\/span>. Una aventura para descubrir la flora y fauna del parque nacional Cotubanama y disfrutar de las comodidades de nuestro yate.<\/p>\n<\/div>\n<\/div>\n<div id=\"div_block-306-122\" class=\"ct-div-block\">\n<h2 id=\"headline-307-122\" class=\"ct-headline\" style=\"margin: 7px 0px 0px;font-family: Quicksand;font-size: 35px\" data-mce-style=\"margin: 7px 0px 0px; font-family: Quicksand; font-size: 35px;\">Por qu\u00e9 reservar la excursi\u00f3n a Saona en yate privado<br \/><\/h2>\n<div id=\"_rich_text-308-122\" class=\"oxy-rich-text\" style=\"width: 609.594px;margin-top: 15px\" data-mce-style=\"width: 609.594px; margin-top: 15px;\">\n<p style=\"margin-block-start: 0px\" data-mce-style=\"margin-block-start: 0px;\">Todos los clientes que han pasado un d\u00eda en Isla Saona en yate desde Punta Cana han regresado muy contentos, destacando tanto la\u00a0<span style=\"font-weight: bolder\" data-mce-style=\"font-weight: bolder;\">belleza de la isla<\/span>\u00a0como la\u00a0<span style=\"font-weight: bolder\" data-mce-style=\"font-weight: bolder;\">experiencia a bordo<\/span>.<\/p>\n<p style=\"margin-block-end: 0px\" data-mce-style=\"margin-block-end: 0px;\">Y no es para menos, ya que hablamos de una reserva natural en la que flora y fauna se muestran en todo su esplendor. Por no hablar del agradable trayecto sintiendo la brisa del Caribe hasta llegar a la isla y durante la vuelta.<\/p>\n<\/div>\n<\/div>","protected":false},"featured_media":6828,"template":"","meta":[],"product_brand":[],"product_cat":[184],"product_tag":[],"class_list":{"0":"post-6830","1":"product","2":"type-product","3":"status-publish","4":"has-post-thumbnail","6":"product_cat-fiestasyeventos","8":"first","9":"instock","10":"virtual","11":"purchasable","12":"product-type-simple"},"yoast_head":"<!-- This site is optimized with the Yoast SEO plugin v24.7 - https:\/\/yoast.com\/wordpress\/plugins\/seo\/ -->\n<title>Isla Saona en Yate Privado (Capacidad 20 personas) - Patrick Vacation<\/title>\n<meta name=\"robots\" content=\"index, follow, max-snippet:-1, max-image-preview:large, max-video-preview:-1\" \/>\n<link rel=\"canonical\" href=\"https:\/\/patrickvacation.com\/fr\/excursiones\/isla-saona-en-yate-privado\/\" \/>\n<meta property=\"og:locale\" content=\"fr_FR\" \/>\n<meta property=\"og:type\" content=\"article\" \/>\n<meta property=\"og:title\" content=\"Isla Saona en Yate Privado (Capacidad 20 personas) - Patrick Vacation\" \/>\n<meta property=\"og:description\" content=\"Tour a Isla Saona en Yate PrivadoImagina pasar un d\u00eda en un\u00a0para\u00edso de aguas cristalinas y playas de arena blanca, cuya belleza es tan abrumadora que cuesta creer que no sea una fantas\u00eda. Esta es la mejor manera de definir isla Saona, una joya en Rep\u00fablica Dominicana.La excursi\u00f3n de un d\u00eda completo en isla Saona es un tour privado en el que podr\u00e1s disfrutar de\u00a0estrellas de mar y playas v\u00edrgenes. Una aventura para descubrir la flora y fauna del parque nacional Cotubanama y disfrutar de las comodidades de nuestro yate.Por qu\u00e9 reservar la excursi\u00f3n a Saona en yate privadoTodos los clientes que han pasado un d\u00eda en Isla Saona en yate desde Punta Cana han regresado muy contentos, destacando tanto la\u00a0belleza de la isla\u00a0como la\u00a0experiencia a bordo.Y no es para menos, ya que hablamos de una reserva natural en la que flora y fauna se muestran en todo su esplendor. Por no hablar del agradable trayecto sintiendo la brisa del Caribe hasta llegar a la isla y durante la vuelta.\" \/>\n<meta property=\"og:url\" content=\"https:\/\/patrickvacation.com\/fr\/excursiones\/isla-saona-en-yate-privado\/\" \/>\n<meta property=\"og:site_name\" content=\"Patrick Vacation\" \/>\n<meta property=\"article:publisher\" content=\"https:\/\/www.facebook.com\/alcequiez.tours.travel\" \/>\n<meta property=\"article:modified_time\" content=\"2025-02-24T16:32:00+00:00\" \/>\n<meta property=\"og:image\" content=\"https:\/\/patrickvacation.com\/wp-content\/uploads\/2025\/02\/SAONAEN-YATE.jpg\" \/>\n\t<meta property=\"og:image:width\" content=\"913\" \/>\n\t<meta property=\"og:image:height\" content=\"583\" \/>\n\t<meta property=\"og:image:type\" content=\"image\/jpeg\" \/>\n<meta name=\"twitter:card\" content=\"summary_large_image\" \/>\n<meta name=\"twitter:label1\" content=\"Dur\u00e9e de lecture estim\u00e9e\" \/>\n\t<meta name=\"twitter:data1\" content=\"3 minutes\" \/>\n<script type=\"application\/ld+json\" class=\"yoast-schema-graph\">{\"@context\":\"https:\/\/schema.org\",\"@graph\":[{\"@type\":\"WebPage\",\"@id\":\"https:\/\/patrickvacation.com\/excursiones\/isla-saona-en-yate-privado\/\",\"url\":\"https:\/\/patrickvacation.com\/excursiones\/isla-saona-en-yate-privado\/\",\"name\":\"Isla Saona en Yate Privado (Capacidad 20 personas) - Patrick Vacation\",\"isPartOf\":{\"@id\":\"https:\/\/patrickvacation.com\/#website\"},\"primaryImageOfPage\":{\"@id\":\"https:\/\/patrickvacation.com\/excursiones\/isla-saona-en-yate-privado\/#primaryimage\"},\"image\":{\"@id\":\"https:\/\/patrickvacation.com\/excursiones\/isla-saona-en-yate-privado\/#primaryimage\"},\"thumbnailUrl\":\"https:\/\/patrickvacation.com\/wp-content\/uploads\/2025\/02\/SAONAEN-YATE.jpg\",\"datePublished\":\"2025-02-21T00:28:26+00:00\",\"dateModified\":\"2025-02-24T16:32:00+00:00\",\"breadcrumb\":{\"@id\":\"https:\/\/patrickvacation.com\/excursiones\/isla-saona-en-yate-privado\/#breadcrumb\"},\"inLanguage\":\"fr-FR\",\"potentialAction\":[{\"@type\":\"ReadAction\",\"target\":[\"https:\/\/patrickvacation.com\/excursiones\/isla-saona-en-yate-privado\/\"]}]},{\"@type\":\"ImageObject\",\"inLanguage\":\"fr-FR\",\"@id\":\"https:\/\/patrickvacation.com\/excursiones\/isla-saona-en-yate-privado\/#primaryimage\",\"url\":\"https:\/\/patrickvacation.com\/wp-content\/uploads\/2025\/02\/SAONAEN-YATE.jpg\",\"contentUrl\":\"https:\/\/patrickvacation.com\/wp-content\/uploads\/2025\/02\/SAONAEN-YATE.jpg\",\"width\":913,\"height\":583},{\"@type\":\"BreadcrumbList\",\"@id\":\"https:\/\/patrickvacation.com\/excursiones\/isla-saona-en-yate-privado\/#breadcrumb\",\"itemListElement\":[{\"@type\":\"ListItem\",\"position\":1,\"name\":\"Portada\",\"item\":\"https:\/\/patrickvacation.com\/\"},{\"@type\":\"ListItem\",\"position\":2,\"name\":\"Excursiones y Reservas\",\"item\":\"https:\/\/patrickvacation.com\/excursiones\/\"},{\"@type\":\"ListItem\",\"position\":3,\"name\":\"Isla Saona en Yate Privado (Capacidad 20 personas)\"}]},{\"@type\":\"WebSite\",\"@id\":\"https:\/\/patrickvacation.com\/#website\",\"url\":\"https:\/\/patrickvacation.com\/\",\"name\":\"Patrick Vacation\",\"description\":\"\",\"publisher\":{\"@id\":\"https:\/\/patrickvacation.com\/#organization\"},\"potentialAction\":[{\"@type\":\"SearchAction\",\"target\":{\"@type\":\"EntryPoint\",\"urlTemplate\":\"https:\/\/patrickvacation.com\/?s={search_term_string}\"},\"query-input\":{\"@type\":\"PropertyValueSpecification\",\"valueRequired\":true,\"valueName\":\"search_term_string\"}}],\"inLanguage\":\"fr-FR\"},{\"@type\":\"Organization\",\"@id\":\"https:\/\/patrickvacation.com\/#organization\",\"name\":\"Alcequiez Tours and Travel\",\"url\":\"https:\/\/patrickvacation.com\/\",\"logo\":{\"@type\":\"ImageObject\",\"inLanguage\":\"fr-FR\",\"@id\":\"https:\/\/patrickvacation.com\/#\/schema\/logo\/image\/\",\"url\":\"https:\/\/patrickvacation.com\/wp-content\/uploads\/2023\/03\/Logo-Alcequiez.png\",\"contentUrl\":\"https:\/\/patrickvacation.com\/wp-content\/uploads\/2023\/03\/Logo-Alcequiez.png\",\"width\":1080,\"height\":560,\"caption\":\"Alcequiez Tours and Travel\"},\"image\":{\"@id\":\"https:\/\/patrickvacation.com\/#\/schema\/logo\/image\/\"},\"sameAs\":[\"https:\/\/www.facebook.com\/alcequiez.tours.travel\",\"https:\/\/www.instagram.com\/alcequieztour\/\"]}]}<\/script>\n<!-- \/ Yoast SEO plugin. -->","yoast_head_json":{"title":"Isla Saona en Yate Privado (Capacidad 20 personas) - Patrick Vacation","robots":{"index":"index","follow":"follow","max-snippet":"max-snippet:-1","max-image-preview":"max-image-preview:large","max-video-preview":"max-video-preview:-1"},"canonical":"https:\/\/patrickvacation.com\/fr\/excursiones\/isla-saona-en-yate-privado\/","og_locale":"fr_FR","og_type":"article","og_title":"Isla Saona en Yate Privado (Capacidad 20 personas) - Patrick Vacation","og_description":"Tour a Isla Saona en Yate PrivadoImagina pasar un d\u00eda en un\u00a0para\u00edso de aguas cristalinas y playas de arena blanca, cuya belleza es tan abrumadora que cuesta creer que no sea una fantas\u00eda. Esta es la mejor manera de definir isla Saona, una joya en Rep\u00fablica Dominicana.La excursi\u00f3n de un d\u00eda completo en isla Saona es un tour privado en el que podr\u00e1s disfrutar de\u00a0estrellas de mar y playas v\u00edrgenes. Una aventura para descubrir la flora y fauna del parque nacional Cotubanama y disfrutar de las comodidades de nuestro yate.Por qu\u00e9 reservar la excursi\u00f3n a Saona en yate privadoTodos los clientes que han pasado un d\u00eda en Isla Saona en yate desde Punta Cana han regresado muy contentos, destacando tanto la\u00a0belleza de la isla\u00a0como la\u00a0experiencia a bordo.Y no es para menos, ya que hablamos de una reserva natural en la que flora y fauna se muestran en todo su esplendor. Por no hablar del agradable trayecto sintiendo la brisa del Caribe hasta llegar a la isla y durante la vuelta.","og_url":"https:\/\/patrickvacation.com\/fr\/excursiones\/isla-saona-en-yate-privado\/","og_site_name":"Patrick Vacation","article_publisher":"https:\/\/www.facebook.com\/alcequiez.tours.travel","article_modified_time":"2025-02-24T16:32:00+00:00","og_image":[{"width":913,"height":583,"url":"https:\/\/patrickvacation.com\/wp-content\/uploads\/2025\/02\/SAONAEN-YATE.jpg","type":"image\/jpeg"}],"twitter_card":"summary_large_image","twitter_misc":{"Dur\u00e9e de lecture estim\u00e9e":"3 minutes"},"schema":{"@context":"https:\/\/schema.org","@graph":[{"@type":"WebPage","@id":"https:\/\/patrickvacation.com\/excursiones\/isla-saona-en-yate-privado\/","url":"https:\/\/patrickvacation.com\/excursiones\/isla-saona-en-yate-privado\/","name":"Isla Saona en Yate Privado (Capacidad 20 personas) - Patrick Vacation","isPartOf":{"@id":"https:\/\/patrickvacation.com\/#website"},"primaryImageOfPage":{"@id":"https:\/\/patrickvacation.com\/excursiones\/isla-saona-en-yate-privado\/#primaryimage"},"image":{"@id":"https:\/\/patrickvacation.com\/excursiones\/isla-saona-en-yate-privado\/#primaryimage"},"thumbnailUrl":"https:\/\/patrickvacation.com\/wp-content\/uploads\/2025\/02\/SAONAEN-YATE.jpg","datePublished":"2025-02-21T00:28:26+00:00","dateModified":"2025-02-24T16:32:00+00:00","breadcrumb":{"@id":"https:\/\/patrickvacation.com\/excursiones\/isla-saona-en-yate-privado\/#breadcrumb"},"inLanguage":"fr-FR","potentialAction":[{"@type":"ReadAction","target":["https:\/\/patrickvacation.com\/excursiones\/isla-saona-en-yate-privado\/"]}]},{"@type":"ImageObject","inLanguage":"fr-FR","@id":"https:\/\/patrickvacation.com\/excursiones\/isla-saona-en-yate-privado\/#primaryimage","url":"https:\/\/patrickvacation.com\/wp-content\/uploads\/2025\/02\/SAONAEN-YATE.jpg","contentUrl":"https:\/\/patrickvacation.com\/wp-content\/uploads\/2025\/02\/SAONAEN-YATE.jpg","width":913,"height":583},{"@type":"BreadcrumbList","@id":"https:\/\/patrickvacation.com\/excursiones\/isla-saona-en-yate-privado\/#breadcrumb","itemListElement":[{"@type":"ListItem","position":1,"name":"Portada","item":"https:\/\/patrickvacation.com\/"},{"@type":"ListItem","position":2,"name":"Excursiones y Reservas","item":"https:\/\/patrickvacation.com\/excursiones\/"},{"@type":"ListItem","position":3,"name":"Isla Saona en Yate Privado (Capacidad 20 personas)"}]},{"@type":"WebSite","@id":"https:\/\/patrickvacation.com\/#website","url":"https:\/\/patrickvacation.com\/","name":"Patrick Vacation","description":"","publisher":{"@id":"https:\/\/patrickvacation.com\/#organization"},"potentialAction":[{"@type":"SearchAction","target":{"@type":"EntryPoint","urlTemplate":"https:\/\/patrickvacation.com\/?s={search_term_string}"},"query-input":{"@type":"PropertyValueSpecification","valueRequired":true,"valueName":"search_term_string"}}],"inLanguage":"fr-FR"},{"@type":"Organization","@id":"https:\/\/patrickvacation.com\/#organization","name":"Alcequiez Tours and Travel","url":"https:\/\/patrickvacation.com\/","logo":{"@type":"ImageObject","inLanguage":"fr-FR","@id":"https:\/\/patrickvacation.com\/#\/schema\/logo\/image\/","url":"https:\/\/patrickvacation.com\/wp-content\/uploads\/2023\/03\/Logo-Alcequiez.png","contentUrl":"https:\/\/patrickvacation.com\/wp-content\/uploads\/2023\/03\/Logo-Alcequiez.png","width":1080,"height":560,"caption":"Alcequiez Tours and Travel"},"image":{"@id":"https:\/\/patrickvacation.com\/#\/schema\/logo\/image\/"},"sameAs":["https:\/\/www.facebook.com\/alcequiez.tours.travel","https:\/\/www.instagram.com\/alcequieztour\/"]}]}},"_links":{"self":[{"href":"https:\/\/patrickvacation.com\/fr\/wp-json\/wp\/v2\/product\/6830","targetHints":{"allow":["GET"]}}],"collection":[{"href":"https:\/\/patrickvacation.com\/fr\/wp-json\/wp\/v2\/product"}],"about":[{"href":"https:\/\/patrickvacation.com\/fr\/wp-json\/wp\/v2\/types\/product"}],"version-history":[{"count":0,"href":"https:\/\/patrickvacation.com\/fr\/wp-json\/wp\/v2\/product\/6830\/revisions"}],"wp:featuredmedia":[{"embeddable":true,"href":"https:\/\/patrickvacation.com\/fr\/wp-json\/wp\/v2\/media\/6828"}],"wp:attachment":[{"href":"https:\/\/patrickvacation.com\/fr\/wp-json\/wp\/v2\/media?parent=6830"}],"wp:term":[{"taxonomy":"product_brand","embeddable":true,"href":"https:\/\/patrickvacation.com\/fr\/wp-json\/wp\/v2\/product_brand?post=6830"},{"taxonomy":"product_cat","embeddable":true,"href":"https:\/\/patrickvacation.com\/fr\/wp-json\/wp\/v2\/product_cat?post=6830"},{"taxonomy":"product_tag","embeddable":true,"href":"https:\/\/patrickvacation.com\/fr\/wp-json\/wp\/v2\/product_tag?post=6830"}],"curies":[{"name":"wp","href":"https:\/\/api.w.org\/{rel}","templated":true}]}}